{"id":2586,"date":"2024-01-08T09:47:26","date_gmt":"2024-01-08T08:47:26","guid":{"rendered":"https:\/\/weberruss.com\/profile-copy\/"},"modified":"2025-07-25T00:23:41","modified_gmt":"2025-07-24T22:23:41","slug":"profile","status":"publish","type":"page","link":"https:\/\/weberruss.com\/en\/profile\/","title":{"rendered":"Profile"},"content":{"rendered":"<p>Dies ist eine Beispiel-Seite. Sie unterscheidet sich von Beitr\u00e4gen, da sie stets an der selben Stelle bleibt und (bei den meisten Themes) in der Navigation angezeigt wird. Die meisten Leute starten mit einem Impressum oder einer &#8222;\u00dcber uns&#8220;-Seite mit einer Vorstellung f\u00fcr m\u00f6gliche Besucher der Website.  Dort k\u00f6nnte zum Beispiel stehen:<\/p>\n<blockquote><p>Hallo! Tags\u00fcber arbeite ich als Fahrradkurier, nachts bin ich ein aufstrebender Schauspieler und dies hier ist meine Website. Ich lebe in Berlin, habe einen gro\u00dfen Hund namens Jack, mag die Fantastischen Vier und ein k\u00fchles Bier.<\/p><\/blockquote>\n<p>&#8230;oder sowas wie:<\/p>\n<blockquote><p>Unsere Firma XYZ wurde 1971 gegr\u00fcndet und hat seither eine Menge hochqualitativen ABC f\u00fcr die \u00d6ffentlichkeit produziert. Ans\u00e4ssig in Gotham City, hat XYZ mittlerweile \u00fcber 2,000 Mitarbeiter und entwickelt immer wieder gro\u00dfartige Dinge f\u00fcr die ganze Gotham Gemeinschaft.<\/p><\/blockquote>\n<p>Als neuer WordPress-Nutzer solltest du das <a href=\"https:\/\/weberruss.com\/wp-admin\/\">Dashboard<\/a> aufrufen, um diese Seite zu l\u00f6schen und statt dessen eine neue Seite mit deinen eigenen Inhalten erstellen. Viel Spa\u00df!<\/p>\n","protected":false},"excerpt":{"rendered":"<p>Dies ist eine Beispiel-Seite. Sie unterscheidet sich von Beitr\u00e4gen, da sie stets an der selben Stelle bleibt und (bei den meisten Themes) in der Navigation angezeigt wird. Die meisten Leute starten mit einem Impressum oder einer &#8222;\u00dcber uns&#8220;-Seite mit einer Vorstellung f\u00fcr m\u00f6gliche Besucher der Website. Dort k\u00f6nnte zum Beispiel stehen: Hallo! Tags\u00fcber arbeite ich [&hellip;]<\/p>\n","protected":false},"author":1,"featured_media":0,"parent":0,"menu_order":8,"comment_status":"closed","ping_status":"closed","template":"","meta":{"inline_featured_image":false},"class_list":["post-2586","page","type-page","status-publish","hentry"],"aioseo_notices":[],"grid":"{\r\n  \"colCount\": 12,\r\n  \"colGutter\": 16,\r\n  \"rowGutters\": [\r\n    24,\r\n    10,\r\n    20,\r\n    24,\r\n    40,\r\n    32,\r\n    40\r\n  ],\r\n  \"frameMargin\": 2,\r\n  \"leftFrameMargin\": 24,\r\n  \"rightFrameMargin\": 24,\r\n  \"topFrameMargin\": 78,\r\n  \"bottomFrameMargin\": 48,\r\n  \"rowAttrs\": [\r\n    {\r\n      \"relid\": 9\r\n    },\r\n    {\r\n      \"relid\": 7\r\n    },\r\n    {\r\n      \"relid\": 18\r\n    },\r\n    {\r\n      \"relid\": 5\r\n    },\r\n    {\r\n      \"relid\": 21\r\n    },\r\n    {\r\n      \"row100vh\": false,\r\n      \"relid\": 1\r\n    },\r\n    {\r\n      \"relid\": 10\r\n    },\r\n    {\r\n      \"relid\": 11\r\n    }\r\n  ],\r\n  \"bgColor\": null,\r\n  \"cont\": [\r\n    {\r\n      \"type\": \"text\",\r\n      \"cont\": \"<p class=\\\"_Copytext\\\">I understand design as a form of reflection \u2013 on content, context, and the relationship between form and perception. Since 2015, I have been working as an interdisciplinary designer and art director across diverse cultural and commercial fields.<\/p>\",\r\n      \"align\": \"top\",\r\n      \"row\": 0,\r\n      \"col\": 0,\r\n      \"colspan\": 12,\r\n      \"offsetx\": 0,\r\n      \"offsety\": 0,\r\n      \"spaceabove\": 0,\r\n      \"spacebelow\": 0,\r\n      \"yvel\": 1,\r\n      \"push\": 0,\r\n      \"relid\": 12,\r\n      \"absolute_position\": false,\r\n      \"pxwidth\": {\r\n        \"desktop\": {\r\n          \"val\": \"70\",\r\n          \"mu\": \"%\"\r\n        },\r\n        \"tablet\": {\r\n          \"val\": 100,\r\n          \"mu\": \"%\"\r\n        },\r\n        \"phone\": {\r\n          \"val\": 100,\r\n          \"mu\": \"%\"\r\n        }\r\n      }\r\n    },\r\n    {\r\n      \"type\": \"img\",\r\n      \"cont\": \"\/wp-content\/uploads\/2023\/12\/dw.jpg\",\r\n      \"align\": \"top\",\r\n      \"row\": 1,\r\n      \"col\": 0,\r\n      \"colspan\": 4,\r\n      \"offsetx\": 0,\r\n      \"offsety\": 0,\r\n      \"spaceabove\": 0,\r\n      \"spacebelow\": 0,\r\n      \"yvel\": 1,\r\n      \"push\": 0,\r\n      \"relid\": 367,\r\n      \"attid\": 2443,\r\n      \"sizes\": {\r\n        \"full\": \"\/wp-content\/uploads\/2023\/12\/dw.jpg\",\r\n        \"_1280\": \"\/wp-content\/uploads\/2023\/12\/dw-1280x800.jpg\",\r\n        \"_1024\": \"\/wp-content\/uploads\/2023\/12\/dw-1024x640.jpg\",\r\n        \"_768\": \"\/wp-content\/uploads\/2023\/12\/dw-768x480.jpg\",\r\n        \"_512\": \"\/wp-content\/uploads\/2023\/12\/dw-512x320.jpg\",\r\n        \"_265\": \"\/wp-content\/uploads\/2023\/12\/dw-265x166.jpg\"\r\n      },\r\n      \"ar\": 0.6249062265566392,\r\n      \"alt\": \"Portrait of Daniel Weberru\u00df, interdisciplinary designer and art director from Frankfurt am Main\",\r\n      \"w\": 1333,\r\n      \"h\": 833,\r\n      \"absolute_position\": false,\r\n      \"stickytop\": null,\r\n      \"frameOverflow\": \"\"\r\n    },\r\n    {\r\n      \"type\": \"text\",\r\n      \"cont\": \"<p class=\\\"_Default\\\">Daniel Weberruss, M.A.<br \/>Design and Art Direction<\/p>\",\r\n      \"align\": \"top\",\r\n      \"row\": 2,\r\n      \"col\": 0,\r\n      \"colspan\": 7,\r\n      \"offsetx\": 0,\r\n      \"offsety\": 0,\r\n      \"spaceabove\": 0,\r\n      \"spacebelow\": 0,\r\n      \"yvel\": 1,\r\n      \"push\": 0,\r\n      \"relid\": 19,\r\n      \"absolute_position\": false\r\n    },\r\n    {\r\n      \"type\": \"text\",\r\n      \"cont\": \"<p data-start=\\\"189\\\" data-end=\\\"330\\\">I develop visual identities, interfaces, and editorial formats with a focus on conceptual depth, typographic precision, and design reduction. I\u00a0do not see design as staging, but as a form of reflection \u2013 on content, context, and perception. Every design decision arises from an engagement with meaning, structure, and effect.<\/p><p data-start=\\\"517\\\" data-end=\\\"682\\\">At the core is a commitment to formal clarity, intellectual depth, and visual consistency \u2013 with the aim of creating visual forms that generate resonance and endure.<\/p>\",\r\n      \"align\": \"top\",\r\n      \"row\": 3,\r\n      \"col\": 0,\r\n      \"colspan\": 12,\r\n      \"offsetx\": 0,\r\n      \"offsety\": 0,\r\n      \"spaceabove\": 0,\r\n      \"spacebelow\": 0,\r\n      \"yvel\": 0,\r\n      \"push\": 0,\r\n      \"relid\": 4,\r\n      \"pxwidth\": {\r\n        \"desktop\": {\r\n          \"val\": \"70\",\r\n          \"mu\": \"%\"\r\n        },\r\n        \"tablet\": {\r\n          \"val\": 100,\r\n          \"mu\": \"%\"\r\n        },\r\n        \"phone\": {\r\n          \"val\": 100,\r\n          \"mu\": \"%\"\r\n        }\r\n      },\r\n      \"absolute_position\": false\r\n    },\r\n    {\r\n      \"type\": \"text\",\r\n      \"cont\": \"<p>Bachelor of Arts (B.A.) in Communication Design, Mainz University of Applied Sciences<br \/>Master of Arts (M.A.) in Gutenberg-Intermedia, Mainz University of Applied Sciences<\/p>\",\r\n      \"align\": \"top\",\r\n      \"row\": 4,\r\n      \"col\": 0,\r\n      \"colspan\": 12,\r\n      \"offsetx\": 0,\r\n      \"offsety\": 0,\r\n      \"spaceabove\": 0,\r\n      \"spacebelow\": 0,\r\n      \"yvel\": 1,\r\n      \"push\": 0,\r\n      \"relid\": 22,\r\n      \"absolute_position\": false,\r\n      \"pxwidth\": {\r\n        \"desktop\": {\r\n          \"val\": \"70\",\r\n          \"mu\": \"%\"\r\n        },\r\n        \"tablet\": {\r\n          \"val\": 100,\r\n          \"mu\": \"%\"\r\n        },\r\n        \"phone\": {\r\n          \"val\": 100,\r\n          \"mu\": \"%\"\r\n        }\r\n      }\r\n    },\r\n    {\r\n      \"type\": \"marquee\",\r\n      \"cont\": \"\",\r\n      \"align\": \"middle\",\r\n      \"row\": 5,\r\n      \"col\": 0,\r\n      \"colspan\": 12,\r\n      \"offsetx\": 0,\r\n      \"offsety\": 0,\r\n      \"spaceabove\": 0,\r\n      \"spacebelow\": 0,\r\n      \"yvel\": 1,\r\n      \"push\": 0,\r\n      \"relid\": 2,\r\n      \"config\": {\r\n        \"desktop\": {\r\n          \"spacebetween\": 8,\r\n          \"imageheight\": 100,\r\n          \"spacetop\": 0,\r\n          \"spacebottom\": 10\r\n        },\r\n        \"tablet\": {\r\n          \"spacebetween\": 10,\r\n          \"imageheight\": 50,\r\n          \"spacetop\": 0,\r\n          \"spacebottom\": 0\r\n        },\r\n        \"phone\": {\r\n          \"spacebetween\": 8,\r\n          \"imageheight\": 50,\r\n          \"spacetop\": 0,\r\n          \"spacebottom\": 10\r\n        },\r\n        \"speed\": 60,\r\n        \"reversedirection\": false,\r\n        \"startonscreen\": true,\r\n        \"textformat\": \"Large\",\r\n        \"pauseonhover\": false,\r\n        \"startonhover\": false,\r\n        \"alignment\": \"middle\",\r\n        \"elements\": [\r\n          {\r\n            \"cont\": \"<p>Art Direction, Brand Identity, Editorial Design, Digital Experiences, Interfaces, Spatial Communication, Packaging Design,<\/p>\",\r\n            \"type\": \"text\"\r\n          }\r\n        ],\r\n        \"separator\": \"\",\r\n        \"borderTopWidth\": 0,\r\n        \"borderBottomWidth\": 0,\r\n        \"borderColor\": \"\",\r\n        \"backgroundColor\": \"\"\r\n      },\r\n      \"absolute_position\": false,\r\n      \"frameOverflow\": \"both\",\r\n      \"stickytop\": null\r\n    },\r\n    {\r\n      \"type\": \"text\",\r\n      \"cont\": \"<h2 class=\\\"_H1\\\">References<\/h2><p class=\\\"_Copytext\\\">BMG-Labtech \u2022 Diakonie (Diakonisches Werk Rheinhessen) \u2022 Frankfurter Allgemeine Zeitung \u2022 Frankfurter Rundschau \u2022 Freifunk Mainz \u2022 Fresh Compliance \u2022 Film- und Medienforum RLP \u2022 Hochschule Mainz \u2022 KEEP Group \u2022 Nippon Connection \u2022 Nitrado \u2022 NoMore \u2022 Springer Fachmedien \u2022 Stonebranch<\/p>\",\r\n      \"align\": \"top\",\r\n      \"row\": 6,\r\n      \"col\": 0,\r\n      \"colspan\": 12,\r\n      \"offsetx\": 0,\r\n      \"offsety\": 0,\r\n      \"spaceabove\": 0,\r\n      \"spacebelow\": 0,\r\n      \"yvel\": 0,\r\n      \"push\": 0,\r\n      \"relid\": 6,\r\n      \"absolute_position\": false,\r\n      \"pxwidth\": {\r\n        \"desktop\": {\r\n          \"val\": \"70\",\r\n          \"mu\": \"%\"\r\n        },\r\n        \"tablet\": {\r\n          \"val\": 100,\r\n          \"mu\": \"%\"\r\n        },\r\n        \"phone\": {\r\n          \"val\": 100,\r\n          \"mu\": \"%\"\r\n        }\r\n      }\r\n    },\r\n    {\r\n      \"type\": \"text\",\r\n      \"cont\": \"<h2 class=\\\"_H1\\\">Talks<\/h2><p class=\\\"_Copytext\\\">Hochschule f\u00fcr Gestaltung Offenbach, AI INDEX Talk, 2024<br \/>Digital\u2014Meetup, The business value of design, 2019<br \/>Digital\u2014Meetup, Standing on the shoulders of giants, 2017<br \/>THEARTS+, Espresso for the mind: Next Level Design, 2016<br \/>Cup Club #1, Alumni-Talk, HS-Mainz, 2015<\/p>\",\r\n      \"align\": \"top\",\r\n      \"row\": 7,\r\n      \"col\": 0,\r\n      \"colspan\": 12,\r\n      \"offsetx\": 0,\r\n      \"offsety\": 0,\r\n      \"spaceabove\": 0,\r\n      \"spacebelow\": 0,\r\n      \"yvel\": 0,\r\n      \"push\": 0,\r\n      \"relid\": 8,\r\n      \"absolute_position\": false,\r\n      \"pxwidth\": {\r\n        \"desktop\": {\r\n          \"val\": \"70\",\r\n          \"mu\": \"%\"\r\n        },\r\n        \"tablet\": {\r\n          \"val\": 100,\r\n          \"mu\": \"%\"\r\n        },\r\n        \"phone\": {\r\n          \"val\": 100,\r\n          \"mu\": \"%\"\r\n        }\r\n      }\r\n    }\r\n  ]\r\n}","phonegrid":"{\r\n  \"colCount\": 1,\r\n  \"colGutter\": 16,\r\n  \"rowGutters\": [\r\n    \"24\",\r\n    \"8\",\r\n    \"20\",\r\n    \"20\",\r\n    \"24\",\r\n    \"18\",\r\n    \"24\"\r\n  ],\r\n  \"frameMargin\": 16,\r\n  \"topFrameMargin\": \"12\",\r\n  \"rightFrameMargin\": \"12\",\r\n  \"bottomFrameMargin\": \"24\",\r\n  \"leftFrameMargin\": \"12\",\r\n  \"mus\": {\r\n    \"colGutterMu\": \"px\",\r\n    \"rowGutterMu\": \"px\",\r\n    \"topFrameMu\": \"px\",\r\n    \"bottomFrameMu\": \"px\",\r\n    \"frameMu\": \"px\"\r\n  },\r\n  \"rowAttrs\": [\r\n    {\r\n      \"relid\": 3\r\n    },\r\n    {\r\n      \"relid\": 13\r\n    },\r\n    {\r\n      \"relid\": 14\r\n    },\r\n    {\r\n      \"relid\": 15\r\n    },\r\n    {\r\n      \"relid\": 23\r\n    },\r\n    {\r\n      \"relid\": 16\r\n    },\r\n    {\r\n      \"relid\": 17\r\n    },\r\n    {\r\n      \"relid\": 20\r\n    }\r\n  ],\r\n  \"bgColor\": null,\r\n  \"bgImage\": null,\r\n  \"cont\": [\r\n    {\r\n      \"type\": \"text\",\r\n      \"cont\": \"<p class=\\\"_Copytext\\\">I understand design as a form of reflection \u2013 on content, context, and the relationship between form and perception. Since 2015, I have been working as an interdisciplinary designer and art director across diverse cultural and commercial fields.<\/p>\",\r\n      \"align\": \"bottom\",\r\n      \"row\": 0,\r\n      \"col\": 0,\r\n      \"colspan\": 1,\r\n      \"offsetx\": 0,\r\n      \"offsety\": 0,\r\n      \"spaceabove\": 0,\r\n      \"spacebelow\": 0,\r\n      \"yvel\": 1,\r\n      \"push\": 0,\r\n      \"relid\": 12,\r\n      \"absolute_position\": false,\r\n      \"frameOverflow\": \"\",\r\n      \"pxwidth\": {\r\n        \"desktop\": {\r\n          \"val\": \"70\",\r\n          \"mu\": \"%\"\r\n        },\r\n        \"tablet\": {\r\n          \"val\": 100,\r\n          \"mu\": \"%\"\r\n        },\r\n        \"phone\": {\r\n          \"val\": 100,\r\n          \"mu\": \"%\"\r\n        }\r\n      }\r\n    },\r\n    {\r\n      \"type\": \"img\",\r\n      \"cont\": \"\/wp-content\/uploads\/2023\/12\/dw.jpg\",\r\n      \"align\": \"bottom\",\r\n      \"row\": 1,\r\n      \"col\": 0,\r\n      \"colspan\": 1,\r\n      \"offsetx\": 0,\r\n      \"offsety\": 0,\r\n      \"spaceabove\": 0,\r\n      \"spacebelow\": 0,\r\n      \"yvel\": 1,\r\n      \"push\": 0,\r\n      \"relid\": 367,\r\n      \"attid\": 2443,\r\n      \"sizes\": {\r\n        \"full\": \"\/wp-content\/uploads\/2023\/12\/dw.jpg\",\r\n        \"_1280\": \"\/wp-content\/uploads\/2023\/12\/dw-1280x800.jpg\",\r\n        \"_1024\": \"\/wp-content\/uploads\/2023\/12\/dw-1024x640.jpg\",\r\n        \"_768\": \"\/wp-content\/uploads\/2023\/12\/dw-768x480.jpg\",\r\n        \"_512\": \"\/wp-content\/uploads\/2023\/12\/dw-512x320.jpg\",\r\n        \"_265\": \"\/wp-content\/uploads\/2023\/12\/dw-265x166.jpg\"\r\n      },\r\n      \"ar\": 0.6249062265566392,\r\n      \"alt\": \"Portrait of Daniel Weberru\u00df, interdisciplinary designer and art director from Frankfurt am Main\",\r\n      \"w\": 1333,\r\n      \"h\": 833,\r\n      \"absolute_position\": false,\r\n      \"stickytop\": null,\r\n      \"frameOverflow\": \"\"\r\n    },\r\n    {\r\n      \"type\": \"text\",\r\n      \"cont\": \"<p class=\\\"_Default\\\">Daniel Weberruss, M.A.<br \/>Design and Art Direction<\/p>\",\r\n      \"align\": \"top\",\r\n      \"row\": 2,\r\n      \"col\": 0,\r\n      \"colspan\": 1,\r\n      \"offsetx\": 0,\r\n      \"offsety\": 0,\r\n      \"spaceabove\": 0,\r\n      \"spacebelow\": 0,\r\n      \"yvel\": 1,\r\n      \"push\": 0,\r\n      \"relid\": 19,\r\n      \"absolute_position\": false\r\n    },\r\n    {\r\n      \"type\": \"text\",\r\n      \"cont\": \"<p data-start=\\\"189\\\" data-end=\\\"330\\\">I develop visual identities, interfaces, and editorial formats with a focus on conceptual depth, typographic precision, and design reduction. I\u00a0do not see design as staging, but as a form of reflection \u2013 on content, context, and perception. Every design decision arises from an engagement with meaning, structure, and effect.<\/p><p data-start=\\\"517\\\" data-end=\\\"682\\\">At the core is a commitment to formal clarity, intellectual depth, and visual consistency \u2013 with the aim of creating visual forms that generate resonance and endure.<\/p>\",\r\n      \"align\": \"bottom\",\r\n      \"row\": 3,\r\n      \"col\": 0,\r\n      \"colspan\": 1,\r\n      \"offsetx\": 0,\r\n      \"offsety\": 0,\r\n      \"spaceabove\": 0,\r\n      \"spacebelow\": 0,\r\n      \"yvel\": 0,\r\n      \"push\": 0,\r\n      \"relid\": 4,\r\n      \"pxwidth\": {\r\n        \"desktop\": {\r\n          \"val\": \"70\",\r\n          \"mu\": \"%\"\r\n        },\r\n        \"tablet\": {\r\n          \"val\": 100,\r\n          \"mu\": \"%\"\r\n        },\r\n        \"phone\": {\r\n          \"val\": 100,\r\n          \"mu\": \"%\"\r\n        }\r\n      },\r\n      \"absolute_position\": false,\r\n      \"frameOverflow\": \"\"\r\n    },\r\n    {\r\n      \"type\": \"text\",\r\n      \"cont\": \"<p>Bachelor of Arts (B.A.) in Communication Design, Mainz University of Applied Sciences<br \/>Master of Arts (M.A.) in Gutenberg-Intermedia, Mainz University of Applied Sciences<\/p>\",\r\n      \"align\": \"middle\",\r\n      \"row\": 4,\r\n      \"col\": 0,\r\n      \"colspan\": 1,\r\n      \"offsetx\": 0,\r\n      \"offsety\": 0,\r\n      \"spaceabove\": 0,\r\n      \"spacebelow\": 0,\r\n      \"yvel\": 1,\r\n      \"push\": 0,\r\n      \"relid\": 22,\r\n      \"absolute_position\": false,\r\n      \"frameOverflow\": \"\",\r\n      \"pxwidth\": {\r\n        \"desktop\": {\r\n          \"val\": \"70\",\r\n          \"mu\": \"%\"\r\n        },\r\n        \"tablet\": {\r\n          \"val\": 100,\r\n          \"mu\": \"%\"\r\n        },\r\n        \"phone\": {\r\n          \"val\": 100,\r\n          \"mu\": \"%\"\r\n        }\r\n      }\r\n    },\r\n    {\r\n      \"type\": \"marquee\",\r\n      \"cont\": \"\",\r\n      \"align\": \"top\",\r\n      \"row\": 5,\r\n      \"col\": 0,\r\n      \"colspan\": 1,\r\n      \"offsetx\": 0,\r\n      \"offsety\": 0,\r\n      \"spaceabove\": 0,\r\n      \"spacebelow\": 0,\r\n      \"yvel\": 1,\r\n      \"push\": 0,\r\n      \"relid\": 2,\r\n      \"config\": {\r\n        \"desktop\": {\r\n          \"spacebetween\": 8,\r\n          \"imageheight\": 100,\r\n          \"spacetop\": 0,\r\n          \"spacebottom\": 10\r\n        },\r\n        \"tablet\": {\r\n          \"spacebetween\": 10,\r\n          \"imageheight\": 50,\r\n          \"spacetop\": 0,\r\n          \"spacebottom\": 0\r\n        },\r\n        \"phone\": {\r\n          \"spacebetween\": 8,\r\n          \"imageheight\": 50,\r\n          \"spacetop\": 0,\r\n          \"spacebottom\": 10\r\n        },\r\n        \"speed\": 60,\r\n        \"reversedirection\": false,\r\n        \"startonscreen\": true,\r\n        \"textformat\": \"Large\",\r\n        \"pauseonhover\": false,\r\n        \"startonhover\": false,\r\n        \"alignment\": \"middle\",\r\n        \"elements\": [\r\n          {\r\n            \"cont\": \"<p>Art Direction, Brand Identity, Editorial Design, Digital Experiences, Interfaces, Spatial Communication, Packaging Design,<\/p>\",\r\n            \"type\": \"text\"\r\n          }\r\n        ],\r\n        \"separator\": \"\",\r\n        \"borderTopWidth\": 0,\r\n        \"borderBottomWidth\": 0,\r\n        \"borderColor\": \"\",\r\n        \"backgroundColor\": \"\"\r\n      },\r\n      \"absolute_position\": false,\r\n      \"stickytop\": null,\r\n      \"frameOverflow\": \"both\"\r\n    },\r\n    {\r\n      \"type\": \"text\",\r\n      \"cont\": \"<h2 class=\\\"_H1\\\">References<\/h2><p class=\\\"_Copytext\\\">BMG-Labtech \u2022 Diakonie (Diakonisches Werk Rheinhessen) \u2022 Frankfurter Allgemeine Zeitung \u2022 Frankfurter Rundschau \u2022 Freifunk Mainz \u2022 Fresh Compliance \u2022 Film- und Medienforum RLP \u2022 Hochschule Mainz \u2022 KEEP Group \u2022 Nippon Connection \u2022 Nitrado \u2022 NoMore \u2022 Springer Fachmedien \u2022 Stonebranch<\/p>\",\r\n      \"align\": \"bottom\",\r\n      \"row\": 6,\r\n      \"col\": 0,\r\n      \"colspan\": 1,\r\n      \"offsetx\": 0,\r\n      \"offsety\": 0,\r\n      \"spaceabove\": 0,\r\n      \"spacebelow\": 0,\r\n      \"yvel\": 0,\r\n      \"push\": 0,\r\n      \"relid\": 6,\r\n      \"absolute_position\": false,\r\n      \"pxwidth\": {\r\n        \"desktop\": {\r\n          \"val\": \"70\",\r\n          \"mu\": \"%\"\r\n        },\r\n        \"tablet\": {\r\n          \"val\": 100,\r\n          \"mu\": \"%\"\r\n        },\r\n        \"phone\": {\r\n          \"val\": 100,\r\n          \"mu\": \"%\"\r\n        }\r\n      },\r\n      \"frameOverflow\": \"\"\r\n    },\r\n    {\r\n      \"type\": \"text\",\r\n      \"cont\": \"<h2 class=\\\"_H1\\\">Talks<\/h2><p class=\\\"_Copytext\\\">Hochschule f\u00fcr Gestaltung Offenbach, AI INDEX Talk, 2024<br \/>Digital\u2014Meetup, The business value of design, 2019<br \/>Digital\u2014Meetup, Standing on the shoulders of giants, 2017<br \/>THEARTS+, Espresso for the mind: Next Level Design, 2016<br \/>Cup Club #1, Alumni-Talk, HS-Mainz, 2015<\/p>\",\r\n      \"align\": \"bottom\",\r\n      \"row\": 7,\r\n      \"col\": 0,\r\n      \"colspan\": 1,\r\n      \"offsetx\": 0,\r\n      \"offsety\": 0,\r\n      \"spaceabove\": 0,\r\n      \"spacebelow\": 0,\r\n      \"yvel\": 0,\r\n      \"push\": 0,\r\n      \"relid\": 8,\r\n      \"absolute_position\": false,\r\n      \"pxwidth\": {\r\n        \"desktop\": {\r\n          \"val\": \"70\",\r\n          \"mu\": \"%\"\r\n        },\r\n        \"tablet\": {\r\n          \"val\": 100,\r\n          \"mu\": \"%\"\r\n        },\r\n        \"phone\": {\r\n          \"val\": 100,\r\n          \"mu\": \"%\"\r\n        }\r\n      },\r\n      \"frameOverflow\": \"\"\r\n    }\r\n  ]\r\n}","_links":{"self":[{"href":"https:\/\/weberruss.com\/en\/wp-json\/wp\/v2\/pages\/2586","targetHints":{"allow":["GET"]}}],"collection":[{"href":"https:\/\/weberruss.com\/en\/wp-json\/wp\/v2\/pages"}],"about":[{"href":"https:\/\/weberruss.com\/en\/wp-json\/wp\/v2\/types\/page"}],"author":[{"embeddable":true,"href":"https:\/\/weberruss.com\/en\/wp-json\/wp\/v2\/users\/1"}],"replies":[{"embeddable":true,"href":"https:\/\/weberruss.com\/en\/wp-json\/wp\/v2\/comments?post=2586"}],"version-history":[{"count":0,"href":"https:\/\/weberruss.com\/en\/wp-json\/wp\/v2\/pages\/2586\/revisions"}],"wp:attachment":[{"href":"https:\/\/weberruss.com\/en\/wp-json\/wp\/v2\/media?parent=2586"}],"curies":[{"name":"wp","href":"https:\/\/api.w.org\/{rel}","templated":true}]}}