{"id":2524,"date":"2024-01-04T19:06:10","date_gmt":"2024-01-04T18:06:10","guid":{"rendered":"https:\/\/weberruss.com\/start-copy-copy\/"},"modified":"2025-09-20T09:51:11","modified_gmt":"2025-09-20T07:51:11","slug":"frontpage","status":"publish","type":"page","link":"https:\/\/weberruss.com\/de\/","title":{"rendered":"Homepage"},"content":{"rendered":"","protected":false},"excerpt":{"rendered":"","protected":false},"author":1,"featured_media":0,"parent":0,"menu_order":3,"comment_status":"closed","ping_status":"closed","template":"","meta":{"inline_featured_image":false},"class_list":["post-2524","page","type-page","status-publish","hentry"],"aioseo_notices":[],"grid":"{\r\n  \"colCount\": 12,\r\n  \"colGutter\": 16,\r\n  \"rowGutters\": [\r\n    12,\r\n    16,\r\n    52,\r\n    15,\r\n    15,\r\n    64,\r\n    64\r\n  ],\r\n  \"frameMargin\": 2,\r\n  \"leftFrameMargin\": 24,\r\n  \"rightFrameMargin\": 24,\r\n  \"topFrameMargin\": 48,\r\n  \"mus\": {\r\n    \"colGutterMu\": \"px\"\r\n  },\r\n  \"bottomFrameMargin\": 0,\r\n  \"rowAttrs\": [\r\n    {\r\n      \"rowcustomheight\": \"\",\r\n      \"relid\": 1\r\n    },\r\n    {\r\n      \"relid\": 38\r\n    },\r\n    {\r\n      \"row100vh\": false,\r\n      \"rowcustomheight\": \"60vh\",\r\n      \"relid\": 42\r\n    },\r\n    {\r\n      \"relid\": 2\r\n    },\r\n    {\r\n      \"relid\": 13\r\n    },\r\n    {\r\n      \"relid\": 4\r\n    },\r\n    {\r\n      \"relid\": 5\r\n    },\r\n    {\r\n      \"relid\": 10\r\n    }\r\n  ],\r\n  \"bgColor\": null,\r\n  \"cont\": [\r\n    {\r\n      \"type\": \"carousel\",\r\n      \"cont\": \"\",\r\n      \"align\": \"top\",\r\n      \"row\": 0,\r\n      \"col\": 0,\r\n      \"colspan\": 12,\r\n      \"offsetx\": 0,\r\n      \"offsety\": 0,\r\n      \"spaceabove\": 0,\r\n      \"spacebelow\": 0,\r\n      \"yvel\": 1,\r\n      \"push\": 0,\r\n      \"relid\": 732,\r\n      \"carousel_options\": {\r\n        \"random\": false,\r\n        \"autoplay\": true,\r\n        \"showMultipleSlides\": false,\r\n        \"freeScroll\": null,\r\n        \"size\": \"fixedHeight\",\r\n        \"slidesWidth\": \"\",\r\n        \"transition\": \"sliding\",\r\n        \"centeredSlides\": true,\r\n        \"fillSlides\": true,\r\n        \"loop\": true,\r\n        \"disableClick\": false,\r\n        \"captionsUnderSlides\": false,\r\n        \"autoplayDelay\": 20000,\r\n        \"transitionSpeed\": 400,\r\n        \"autoplaySpeed\": 7000,\r\n        \"mousewheelScroll\": false,\r\n        \"spaceBetween\": 0,\r\n        \"fixedHeight\": \"100vh - 108px\"\r\n      },\r\n      \"carousel\": [\r\n        {\r\n          \"type\": \"img\",\r\n          \"attid\": 2706,\r\n          \"cont\": \"\/wp-content\/uploads\/2024\/01\/ai-index-weberruss-studio-black.jpg\",\r\n          \"sizes\": {\r\n            \"full\": \"\/wp-content\/uploads\/2024\/01\/ai-index-weberruss-studio-black.jpg\",\r\n            \"_3200\": \"\/wp-content\/uploads\/2024\/01\/ai-index-weberruss-studio-black-3200x2133.jpg\",\r\n            \"_2560\": \"\/wp-content\/uploads\/2024\/01\/ai-index-weberruss-studio-black-2560x1706.jpg\",\r\n            \"_1920\": \"\/wp-content\/uploads\/2024\/01\/ai-index-weberruss-studio-black-1920x1280.jpg\",\r\n            \"_1280\": \"\/wp-content\/uploads\/2024\/01\/ai-index-weberruss-studio-black-1280x853.jpg\",\r\n            \"_1024\": \"\/wp-content\/uploads\/2024\/01\/ai-index-weberruss-studio-black-1024x683.jpg\",\r\n            \"_768\": \"\/wp-content\/uploads\/2024\/01\/ai-index-weberruss-studio-black-768x512.jpg\",\r\n            \"_512\": \"\/wp-content\/uploads\/2024\/01\/ai-index-weberruss-studio-black-512x341.jpg\",\r\n            \"_265\": \"\/wp-content\/uploads\/2024\/01\/ai-index-weberruss-studio-black-265x177.jpg\"\r\n          },\r\n          \"w\": 3500,\r\n          \"h\": 2333,\r\n          \"ar\": 0.6665714285714286,\r\n          \"alt\": \"\",\r\n          \"caption\": \"<p class=\\\"_H2\\\" style=\\\"text-align: center;\\\">Kuration und Gestaltung der Plattform f\u00fcr Graphic Design AI-Projekte<a class=\\\"tag-small slideshow\\\" rel=\\\"noopener\\\" href=\\\"https:\/\/ai-index.eu\/\\\" target=\\\"_blank\\\">AI INDEX<\/a><\/p>\"\r\n        },\r\n        {\r\n          \"type\": \"html5video\",\r\n          \"autoplay\": true,\r\n          \"loop\": true,\r\n          \"mute\": true,\r\n          \"muteDisabled\": \"disabled\",\r\n          \"controls\": false,\r\n          \"playpauseonclick\": false,\r\n          \"playicon\": false,\r\n          \"ar\": 0.5625,\r\n          \"unmutebutton\": false,\r\n          \"unmuteButtonStyle\": 1,\r\n          \"unmutebuttonDisabled\": \"\",\r\n          \"h\": 1440,\r\n          \"w\": 2560,\r\n          \"mp4\": \"\/wp-content\/uploads\/2024\/01\/aaug-cover.mp4\",\r\n          \"cont\": null,\r\n          \"filename\": \"aaug-cover.mp4\",\r\n          \"sizes\": null,\r\n          \"imgar\": 0,\r\n          \"mp4attid\": 2692,\r\n          \"caption\": \"<p class=\\\"_H2\\\" style=\\\"text-align: center;\\\"><span>Gestaltung der \u201eTimetravel Through Screenshots\u201c Edition<\/span><a class=\\\"tag-small slideshow\\\" rel=\\\"noopener\\\" href=\\\"https:\/\/open-culture.eu\\\" target=\\\"_blank\\\">Open Culture Publishing<\/a><\/p>\"\r\n        },\r\n        {\r\n          \"type\": \"img\",\r\n          \"attid\": 2679,\r\n          \"cont\": \"\/wp-content\/uploads\/2024\/01\/Frankfurter-Kueche-WEBERRUSS.Studio-e1708777881660.jpg\",\r\n          \"sizes\": {\r\n            \"full\": \"\/wp-content\/uploads\/2024\/01\/Frankfurter-Kueche-WEBERRUSS.Studio-e1708777881660.jpg\",\r\n            \"_4096\": \"\/wp-content\/uploads\/2024\/01\/Frankfurter-Kueche-WEBERRUSS.Studio-4096x2731.jpg\",\r\n            \"_3840\": \"\/wp-content\/uploads\/2024\/01\/Frankfurter-Kueche-WEBERRUSS.Studio-3840x2560.jpg\",\r\n            \"_3200\": \"\/wp-content\/uploads\/2024\/01\/Frankfurter-Kueche-WEBERRUSS.Studio-3200x2133.jpg\",\r\n            \"_2560\": \"\/wp-content\/uploads\/2024\/01\/Frankfurter-Kueche-WEBERRUSS.Studio-2560x1707.jpg\",\r\n            \"_1920\": \"\/wp-content\/uploads\/2024\/01\/Frankfurter-Kueche-WEBERRUSS.Studio-1920x1280.jpg\",\r\n            \"_1280\": \"\/wp-content\/uploads\/2024\/01\/Frankfurter-Kueche-WEBERRUSS.Studio-1280x853.jpg\",\r\n            \"_1024\": \"\/wp-content\/uploads\/2024\/01\/Frankfurter-Kueche-WEBERRUSS.Studio-1024x683.jpg\",\r\n            \"_768\": \"\/wp-content\/uploads\/2024\/01\/Frankfurter-Kueche-WEBERRUSS.Studio-768x512.jpg\",\r\n            \"_512\": \"\/wp-content\/uploads\/2024\/01\/Frankfurter-Kueche-WEBERRUSS.Studio-512x341.jpg\",\r\n            \"_265\": \"\/wp-content\/uploads\/2024\/01\/Frankfurter-Kueche-WEBERRUSS.Studio-265x177.jpg\"\r\n          },\r\n          \"w\": 3500,\r\n          \"h\": 2333,\r\n          \"ar\": 0.6665714285714286,\r\n          \"alt\": \"\",\r\n          \"caption\": \"<p class=\\\"_H2\\\" style=\\\"text-align: center;\\\"><span>Gestaltung des Gastronomie Guides aus Frankfurt am Main<a class=\\\"tag-small slideshow\\\" rel=\\\"noopener\\\" href=\\\"https:\/\/demo.weberruss.com\/#\/nk1F8lKC\\\" target=\\\"_blank\\\">Prototyp ansehen<\/a><\/span><\/p>\"\r\n        },\r\n        {\r\n          \"type\": \"img\",\r\n          \"attid\": 2119,\r\n          \"cont\": \"\/wp-content\/uploads\/2017\/06\/2014_ryoku_01.jpg\",\r\n          \"sizes\": {\r\n            \"full\": \"\/wp-content\/uploads\/2017\/06\/2014_ryoku_01.jpg\",\r\n            \"_2560\": \"\/wp-content\/uploads\/2017\/06\/2014_ryoku_01-2560x1440.jpg\",\r\n            \"_1920\": \"\/wp-content\/uploads\/2017\/06\/2014_ryoku_01-1920x1080.jpg\",\r\n            \"_1280\": \"\/wp-content\/uploads\/2017\/06\/2014_ryoku_01-1280x720.jpg\",\r\n            \"_1024\": \"\/wp-content\/uploads\/2017\/06\/2014_ryoku_01-1024x576.jpg\",\r\n            \"_768\": \"\/wp-content\/uploads\/2017\/06\/2014_ryoku_01-768x432.jpg\",\r\n            \"_512\": \"\/wp-content\/uploads\/2017\/06\/2014_ryoku_01-512x288.jpg\",\r\n            \"_265\": \"\/wp-content\/uploads\/2017\/06\/2014_ryoku_01-265x149.jpg\"\r\n          },\r\n          \"w\": 2880,\r\n          \"h\": 1620,\r\n          \"ar\": 0.5625,\r\n          \"alt\": \"\",\r\n          \"caption\": \"<p class=\\\"_H2\\\" style=\\\"text-align: center;\\\">Entwicklung einer visuellen Identit\u00e4t f\u00fcr das Netlabel<a class=\\\"tag-small slideshow\\\" rel=\\\"noopener\\\" href=\\\"https:\/\/weberruss.com\/de\/entwicklung-einer-visuellen-identitaet-fuer-das-ryoku-netlabel\/\\\" target=\\\"_blank\\\">Zum Projekt<\/a><\/p>\"\r\n        },\r\n        {\r\n          \"type\": \"img\",\r\n          \"attid\": 2405,\r\n          \"cont\": \"\/wp-content\/uploads\/2023\/06\/Liebl-Schmid-Pfaehler-Teaser.jpg\",\r\n          \"sizes\": {\r\n            \"full\": \"\/wp-content\/uploads\/2023\/06\/Liebl-Schmid-Pfaehler-Teaser.jpg\",\r\n            \"_3200\": \"\/wp-content\/uploads\/2023\/06\/Liebl-Schmid-Pfaehler-Teaser-3200x2133.jpg\",\r\n            \"_2560\": \"\/wp-content\/uploads\/2023\/06\/Liebl-Schmid-Pfaehler-Teaser-2560x1706.jpg\",\r\n            \"_1920\": \"\/wp-content\/uploads\/2023\/06\/Liebl-Schmid-Pfaehler-Teaser-1920x1280.jpg\",\r\n            \"_1280\": \"\/wp-content\/uploads\/2023\/06\/Liebl-Schmid-Pfaehler-Teaser-1280x853.jpg\",\r\n            \"_1024\": \"\/wp-content\/uploads\/2023\/06\/Liebl-Schmid-Pfaehler-Teaser-1024x683.jpg\",\r\n            \"_768\": \"\/wp-content\/uploads\/2023\/06\/Liebl-Schmid-Pfaehler-Teaser-768x512.jpg\",\r\n            \"_512\": \"\/wp-content\/uploads\/2023\/06\/Liebl-Schmid-Pfaehler-Teaser-512x341.jpg\",\r\n            \"_265\": \"\/wp-content\/uploads\/2023\/06\/Liebl-Schmid-Pfaehler-Teaser-265x177.jpg\"\r\n          },\r\n          \"w\": 3500,\r\n          \"h\": 2333,\r\n          \"ar\": 0.6665714285714286,\r\n          \"alt\": \"\",\r\n          \"caption\": \"<p class=\\\"_H2\\\" style=\\\"text-align: center;\\\"><span>Webseite f\u00fcr das K\u00fcnstler\u00adduo aus Offenbach am Main<\/span><a class=\\\"tag-small slideshow\\\" rel=\\\"noopener\\\" href=\\\"https:\/\/radiate.fish\\\" target=\\\"_blank\\\">Liebl &amp; Schmid-Pf\u00e4hler<\/a><\/p>\"\r\n        },\r\n        {\r\n          \"type\": \"img\",\r\n          \"attid\": 2215,\r\n          \"cont\": \"\/wp-content\/uploads\/2021\/03\/staedtischer_honig_aus_tiengen_hero.jpg\",\r\n          \"sizes\": {\r\n            \"full\": \"\/wp-content\/uploads\/2021\/03\/staedtischer_honig_aus_tiengen_hero.jpg\",\r\n            \"_3200\": \"\/wp-content\/uploads\/2021\/03\/staedtischer_honig_aus_tiengen_hero-3200x1800.jpg\",\r\n            \"_2560\": \"\/wp-content\/uploads\/2021\/03\/staedtischer_honig_aus_tiengen_hero-2560x1440.jpg\",\r\n            \"_1920\": \"\/wp-content\/uploads\/2021\/03\/staedtischer_honig_aus_tiengen_hero-1920x1080.jpg\",\r\n            \"_1280\": \"\/wp-content\/uploads\/2021\/03\/staedtischer_honig_aus_tiengen_hero-1280x720.jpg\",\r\n            \"_1024\": \"\/wp-content\/uploads\/2021\/03\/staedtischer_honig_aus_tiengen_hero-1024x576.jpg\",\r\n            \"_768\": \"\/wp-content\/uploads\/2021\/03\/staedtischer_honig_aus_tiengen_hero-768x432.jpg\",\r\n            \"_512\": \"\/wp-content\/uploads\/2021\/03\/staedtischer_honig_aus_tiengen_hero-512x288.jpg\",\r\n            \"_265\": \"\/wp-content\/uploads\/2021\/03\/staedtischer_honig_aus_tiengen_hero-265x149.jpg\"\r\n          },\r\n          \"w\": 3840,\r\n          \"h\": 2160,\r\n          \"ar\": 0.5625,\r\n          \"alt\": \"\",\r\n          \"caption\": \"<p class=\\\"_H2\\\" style=\\\"text-align: center;\\\">Verschiedene Honigsorten aus dem Klettgau<a class=\\\"tag-small slideshow\\\" rel=\\\"noopener\\\" href=\\\"https:\/\/www.instagram.com\/p\/CMPcfn4IGuX\/?img_index=1\\\" target=\\\"_blank\\\">Animation ansehen<\/a><\/p>\"\r\n        },\r\n        {\r\n          \"type\": \"img\",\r\n          \"attid\": 2680,\r\n          \"cont\": \"\/wp-content\/uploads\/2024\/01\/Gasthof_zum_Goldenen_Loewen-2023-WEBERRUSS.Studio.jpg\",\r\n          \"sizes\": {\r\n            \"full\": \"\/wp-content\/uploads\/2024\/01\/Gasthof_zum_Goldenen_Loewen-2023-WEBERRUSS.Studio.jpg\",\r\n            \"_3200\": \"\/wp-content\/uploads\/2024\/01\/Gasthof_zum_Goldenen_Loewen-2023-WEBERRUSS.Studio-3200x2133.jpg\",\r\n            \"_2560\": \"\/wp-content\/uploads\/2024\/01\/Gasthof_zum_Goldenen_Loewen-2023-WEBERRUSS.Studio-2560x1706.jpg\",\r\n            \"_1920\": \"\/wp-content\/uploads\/2024\/01\/Gasthof_zum_Goldenen_Loewen-2023-WEBERRUSS.Studio-1920x1280.jpg\",\r\n            \"_1280\": \"\/wp-content\/uploads\/2024\/01\/Gasthof_zum_Goldenen_Loewen-2023-WEBERRUSS.Studio-1280x853.jpg\",\r\n            \"_1024\": \"\/wp-content\/uploads\/2024\/01\/Gasthof_zum_Goldenen_Loewen-2023-WEBERRUSS.Studio-1024x683.jpg\",\r\n            \"_768\": \"\/wp-content\/uploads\/2024\/01\/Gasthof_zum_Goldenen_Loewen-2023-WEBERRUSS.Studio-768x512.jpg\",\r\n            \"_512\": \"\/wp-content\/uploads\/2024\/01\/Gasthof_zum_Goldenen_Loewen-2023-WEBERRUSS.Studio-512x341.jpg\",\r\n            \"_265\": \"\/wp-content\/uploads\/2024\/01\/Gasthof_zum_Goldenen_Loewen-2023-WEBERRUSS.Studio-265x177.jpg\"\r\n          },\r\n          \"w\": 3500,\r\n          \"h\": 2333,\r\n          \"ar\": 0.6665714285714286,\r\n          \"alt\": \"\",\r\n          \"caption\": \"<p class=\\\"_H2\\\" style=\\\"text-align: center;\\\"><span>Gestaltung der Webseite f\u00fcr das Restaurant aus Sulzfeld<\/span><a class=\\\"tag-small slideshow\\\" rel=\\\"noopener\\\" href=\\\"https:\/\/loewe-sulzfeld.de\\\" target=\\\"_blank\\\">Gasthaus zum Goldenen L\u00f6wen<\/a><\/p>\"\r\n        },\r\n        {\r\n          \"type\": \"img\",\r\n          \"attid\": 2823,\r\n          \"cont\": \"\/wp-content\/uploads\/2024\/03\/2011_abendbrot_slider-e1709560001243.jpg\",\r\n          \"sizes\": {\r\n            \"full\": \"\/wp-content\/uploads\/2024\/03\/2011_abendbrot_slider-e1709560001243.jpg\",\r\n            \"_4096\": \"\/wp-content\/uploads\/2024\/03\/2011_abendbrot_slider-4096x2721.jpg\",\r\n            \"_3840\": \"\/wp-content\/uploads\/2024\/03\/2011_abendbrot_slider-3840x2551.jpg\",\r\n            \"_3200\": \"\/wp-content\/uploads\/2024\/03\/2011_abendbrot_slider-3200x2126.jpg\",\r\n            \"_2560\": \"\/wp-content\/uploads\/2024\/03\/2011_abendbrot_slider-2560x1701.jpg\",\r\n            \"_1920\": \"\/wp-content\/uploads\/2024\/03\/2011_abendbrot_slider-1920x1275.jpg\",\r\n            \"_1280\": \"\/wp-content\/uploads\/2024\/03\/2011_abendbrot_slider-1280x850.jpg\",\r\n            \"_1024\": \"\/wp-content\/uploads\/2024\/03\/2011_abendbrot_slider-1024x680.jpg\",\r\n            \"_768\": \"\/wp-content\/uploads\/2024\/03\/2011_abendbrot_slider-768x510.jpg\",\r\n            \"_512\": \"\/wp-content\/uploads\/2024\/03\/2011_abendbrot_slider-512x340.jpg\",\r\n            \"_265\": \"\/wp-content\/uploads\/2024\/03\/2011_abendbrot_slider-265x176.jpg\"\r\n          },\r\n          \"w\": 3500,\r\n          \"h\": 2325,\r\n          \"ar\": 0.6642857142857143,\r\n          \"alt\": \"\",\r\n          \"caption\": \"<p class=\\\"_H2\\\" style=\\\"text-align: center;\\\">Entwicklung einer visuellen Identit\u00e4t f\u00fcr einen Vortragsabend<a class=\\\"tag-small slideshow\\\" rel=\\\"noopener\\\" href=\\\"https:\/\/weberruss.com\/de\/entwicklung-einer-visuellen-identitaet-fuer-einen-selbstinitiierten-vortragsabend-abendbrot\/\\\" target=\\\"_blank\\\">Zum Projekt<\/a><\/p>\"\r\n        },\r\n        {\r\n          \"type\": \"img\",\r\n          \"attid\": 2402,\r\n          \"cont\": \"\/wp-content\/uploads\/2023\/06\/Nitrado-Teaser.jpg\",\r\n          \"sizes\": {\r\n            \"full\": \"\/wp-content\/uploads\/2023\/06\/Nitrado-Teaser.jpg\",\r\n            \"_3200\": \"\/wp-content\/uploads\/2023\/06\/Nitrado-Teaser-3200x2133.jpg\",\r\n            \"_2560\": \"\/wp-content\/uploads\/2023\/06\/Nitrado-Teaser-2560x1706.jpg\",\r\n            \"_1920\": \"\/wp-content\/uploads\/2023\/06\/Nitrado-Teaser-1920x1280.jpg\",\r\n            \"_1280\": \"\/wp-content\/uploads\/2023\/06\/Nitrado-Teaser-1280x853.jpg\",\r\n            \"_1024\": \"\/wp-content\/uploads\/2023\/06\/Nitrado-Teaser-1024x683.jpg\",\r\n            \"_768\": \"\/wp-content\/uploads\/2023\/06\/Nitrado-Teaser-768x512.jpg\",\r\n            \"_512\": \"\/wp-content\/uploads\/2023\/06\/Nitrado-Teaser-512x341.jpg\",\r\n            \"_265\": \"\/wp-content\/uploads\/2023\/06\/Nitrado-Teaser-265x177.jpg\"\r\n          },\r\n          \"w\": 3500,\r\n          \"h\": 2333,\r\n          \"ar\": 0.6665714285714286,\r\n          \"alt\": \"\",\r\n          \"caption\": \"<p class=\\\"_H2\\\" style=\\\"text-align: center;\\\"><span>Moonshot Konzept f\u00fcr den f\u00fchrenden Gameserver-Hoster<a class=\\\"tag-small slideshow\\\" rel=\\\"noopener\\\" href=\\\"https:\/\/demo.weberruss.com\/#\/kjfj6d2i\\\" target=\\\"_blank\\\">Prototyp ansehen<\/a><\/span><\/p>\"\r\n        },\r\n        {\r\n          \"type\": \"img\",\r\n          \"attid\": 830,\r\n          \"cont\": \"\/wp-content\/uploads\/2018\/12\/BMG_Labtech_01_Hero.jpg\",\r\n          \"sizes\": {\r\n            \"full\": \"\/wp-content\/uploads\/2018\/12\/BMG_Labtech_01_Hero.jpg\",\r\n            \"_2560\": \"\/wp-content\/uploads\/2018\/12\/BMG_Labtech_01_Hero-2560x1438.jpg\",\r\n            \"_1920\": \"\/wp-content\/uploads\/2018\/12\/BMG_Labtech_01_Hero-1920x1079.jpg\",\r\n            \"_1280\": \"\/wp-content\/uploads\/2018\/12\/BMG_Labtech_01_Hero-1280x719.jpg\",\r\n            \"_1024\": \"\/wp-content\/uploads\/2018\/12\/BMG_Labtech_01_Hero-1024x575.jpg\",\r\n            \"_768\": \"\/wp-content\/uploads\/2018\/12\/BMG_Labtech_01_Hero-768x431.jpg\",\r\n            \"_512\": \"\/wp-content\/uploads\/2018\/12\/BMG_Labtech_01_Hero-512x288.jpg\",\r\n            \"_265\": \"\/wp-content\/uploads\/2018\/12\/BMG_Labtech_01_Hero-265x149.jpg\"\r\n          },\r\n          \"w\": 2880,\r\n          \"h\": 1618,\r\n          \"ar\": 0.5618055555555556,\r\n          \"alt\": \"\",\r\n          \"caption\": \"<p class=\\\"_H2\\\" style=\\\"text-align: center;\\\">Responsive Website f\u00fcr den Laborger\u00e4tehersteller<a class=\\\"tag-small slideshow\\\" rel=\\\"noopener\\\" href=\\\"https:\/\/weberruss.com\/de\/responsive-website-fuer-den-laborgeraetehersteller-bmg-labtech\/\\\" target=\\\"_blank\\\">Zum Projekt<\/a><\/p>\"\r\n        },\r\n        {\r\n          \"type\": \"img\",\r\n          \"attid\": 2567,\r\n          \"cont\": \"\/wp-content\/uploads\/2024\/01\/MEM-Mein-Engangement-in-Mainz-Teaser.jpg\",\r\n          \"sizes\": {\r\n            \"full\": \"\/wp-content\/uploads\/2024\/01\/MEM-Mein-Engangement-in-Mainz-Teaser.jpg\",\r\n            \"_3200\": \"\/wp-content\/uploads\/2024\/01\/MEM-Mein-Engangement-in-Mainz-Teaser-3200x2000.jpg\",\r\n            \"_2560\": \"\/wp-content\/uploads\/2024\/01\/MEM-Mein-Engangement-in-Mainz-Teaser-2560x1600.jpg\",\r\n            \"_1920\": \"\/wp-content\/uploads\/2024\/01\/MEM-Mein-Engangement-in-Mainz-Teaser-1920x1200.jpg\",\r\n            \"_1280\": \"\/wp-content\/uploads\/2024\/01\/MEM-Mein-Engangement-in-Mainz-Teaser-1280x800.jpg\",\r\n            \"_1024\": \"\/wp-content\/uploads\/2024\/01\/MEM-Mein-Engangement-in-Mainz-Teaser-1024x640.jpg\",\r\n            \"_768\": \"\/wp-content\/uploads\/2024\/01\/MEM-Mein-Engangement-in-Mainz-Teaser-768x480.jpg\",\r\n            \"_512\": \"\/wp-content\/uploads\/2024\/01\/MEM-Mein-Engangement-in-Mainz-Teaser-512x320.jpg\",\r\n            \"_265\": \"\/wp-content\/uploads\/2024\/01\/MEM-Mein-Engangement-in-Mainz-Teaser-265x166.jpg\"\r\n          },\r\n          \"w\": 3500,\r\n          \"h\": 2187,\r\n          \"ar\": 0.6248571428571429,\r\n          \"alt\": \"\",\r\n          \"caption\": \"<p class=\\\"_H2\\\" style=\\\"text-align: center;\\\">Neugestaltung der Ehrenamtsplattform f\u00fcr Mainz<a class=\\\"tag-small slideshow\\\" rel=\\\"noopener\\\" href=\\\"https:\/\/ehrenamtsbuero-mainz.de\/\\\" target=\\\"_blank\\\">Mein Engagement in Mainz<\/a><\/p>\"\r\n        },\r\n        {\r\n          \"type\": \"img\",\r\n          \"attid\": 2434,\r\n          \"cont\": \"\/wp-content\/uploads\/2023\/11\/Das-Buendnis-WEBERRUSS.Studio.jpg\",\r\n          \"sizes\": {\r\n            \"full\": \"\/wp-content\/uploads\/2023\/11\/Das-Buendnis-WEBERRUSS.Studio.jpg\",\r\n            \"_3200\": \"\/wp-content\/uploads\/2023\/11\/Das-Buendnis-WEBERRUSS.Studio-3200x2135.jpg\",\r\n            \"_2560\": \"\/wp-content\/uploads\/2023\/11\/Das-Buendnis-WEBERRUSS.Studio-2560x1708.jpg\",\r\n            \"_1920\": \"\/wp-content\/uploads\/2023\/11\/Das-Buendnis-WEBERRUSS.Studio-1920x1281.jpg\",\r\n            \"_1280\": \"\/wp-content\/uploads\/2023\/11\/Das-Buendnis-WEBERRUSS.Studio-1280x854.jpg\",\r\n            \"_1024\": \"\/wp-content\/uploads\/2023\/11\/Das-Buendnis-WEBERRUSS.Studio-1024x683.jpg\",\r\n            \"_768\": \"\/wp-content\/uploads\/2023\/11\/Das-Buendnis-WEBERRUSS.Studio-768x512.jpg\",\r\n            \"_512\": \"\/wp-content\/uploads\/2023\/11\/Das-Buendnis-WEBERRUSS.Studio-512x342.jpg\",\r\n            \"_265\": \"\/wp-content\/uploads\/2023\/11\/Das-Buendnis-WEBERRUSS.Studio-265x177.jpg\"\r\n          },\r\n          \"w\": 3500,\r\n          \"h\": 2335,\r\n          \"ar\": 0.6671428571428571,\r\n          \"alt\": \"\",\r\n          \"caption\": \"<p class=\\\"_H2\\\" style=\\\"text-align: center;\\\"><span>Liste 5 der Psycho\u00adtherapeuten\u00adkammerwahl Rheinland-Pfalz<\/span><a class=\\\"tag-small slideshow\\\" rel=\\\"noopener\\\" href=\\\"https:\/\/das-b\u00fcndnis.org\/\\\" target=\\\"_blank\\\">Das B\u00fcndnis<\/a><\/p>\"\r\n        },\r\n        {\r\n          \"type\": \"img\",\r\n          \"attid\": 2678,\r\n          \"cont\": \"\/wp-content\/uploads\/2024\/01\/Atelier-Waescherei-WEBERRUSS.Studio-Teaser.jpg\",\r\n          \"sizes\": {\r\n            \"full\": \"\/wp-content\/uploads\/2024\/01\/Atelier-Waescherei-WEBERRUSS.Studio-Teaser.jpg\",\r\n            \"_3200\": \"\/wp-content\/uploads\/2024\/01\/Atelier-Waescherei-WEBERRUSS.Studio-Teaser-3200x2133.jpg\",\r\n            \"_2560\": \"\/wp-content\/uploads\/2024\/01\/Atelier-Waescherei-WEBERRUSS.Studio-Teaser-2560x1706.jpg\",\r\n            \"_1920\": \"\/wp-content\/uploads\/2024\/01\/Atelier-Waescherei-WEBERRUSS.Studio-Teaser-1920x1280.jpg\",\r\n            \"_1280\": \"\/wp-content\/uploads\/2024\/01\/Atelier-Waescherei-WEBERRUSS.Studio-Teaser-1280x853.jpg\",\r\n            \"_1024\": \"\/wp-content\/uploads\/2024\/01\/Atelier-Waescherei-WEBERRUSS.Studio-Teaser-1024x683.jpg\",\r\n            \"_768\": \"\/wp-content\/uploads\/2024\/01\/Atelier-Waescherei-WEBERRUSS.Studio-Teaser-768x512.jpg\",\r\n            \"_512\": \"\/wp-content\/uploads\/2024\/01\/Atelier-Waescherei-WEBERRUSS.Studio-Teaser-512x341.jpg\",\r\n            \"_265\": \"\/wp-content\/uploads\/2024\/01\/Atelier-Waescherei-WEBERRUSS.Studio-Teaser-265x177.jpg\"\r\n          },\r\n          \"w\": 3500,\r\n          \"h\": 2333,\r\n          \"ar\": 0.6665714285714286,\r\n          \"alt\": \"\",\r\n          \"caption\": \"<p class=\\\"_H2\\\" style=\\\"text-align: center;\\\"><span>Gestaltung der Webseite f\u00fcr die Atelier\u00adgemeinschaft aus Offenbach am Main<\/span><a class=\\\"tag-small slideshow\\\" rel=\\\"noopener\\\" href=\\\"https:\/\/waescherei.studio\\\" target=\\\"_blank\\\">Atelier W\u00e4scherei<\/a><\/p>\"\r\n        },\r\n        {\r\n          \"type\": \"img\",\r\n          \"attid\": 2825,\r\n          \"cont\": \"\/wp-content\/uploads\/2024\/03\/2012_stoerfaelle_in_de_akw_slider-e1709559987526.jpg\",\r\n          \"sizes\": {\r\n            \"full\": \"\/wp-content\/uploads\/2024\/03\/2012_stoerfaelle_in_de_akw_slider-e1709559987526.jpg\",\r\n            \"_4096\": \"\/wp-content\/uploads\/2024\/03\/2012_stoerfaelle_in_de_akw_slider-4096x2730.jpg\",\r\n            \"_3840\": \"\/wp-content\/uploads\/2024\/03\/2012_stoerfaelle_in_de_akw_slider-3840x2559.jpg\",\r\n            \"_3200\": \"\/wp-content\/uploads\/2024\/03\/2012_stoerfaelle_in_de_akw_slider-3200x2133.jpg\",\r\n            \"_1920\": \"\/wp-content\/uploads\/2024\/03\/2012_stoerfaelle_in_de_akw_slider-1920x1280.jpg\",\r\n            \"_1280\": \"\/wp-content\/uploads\/2024\/03\/2012_stoerfaelle_in_de_akw_slider-1280x853.jpg\",\r\n            \"_1024\": \"\/wp-content\/uploads\/2024\/03\/2012_stoerfaelle_in_de_akw_slider-1024x682.jpg\",\r\n            \"_768\": \"\/wp-content\/uploads\/2024\/03\/2012_stoerfaelle_in_de_akw_slider-768x512.jpg\",\r\n            \"_512\": \"\/wp-content\/uploads\/2024\/03\/2012_stoerfaelle_in_de_akw_slider-512x341.jpg\",\r\n            \"_265\": \"\/wp-content\/uploads\/2024\/03\/2012_stoerfaelle_in_de_akw_slider-265x177.jpg\"\r\n          },\r\n          \"w\": 3500,\r\n          \"h\": 2332,\r\n          \"ar\": 0.6662857142857143,\r\n          \"alt\": \"\",\r\n          \"caption\": \"<p class=\\\"_H2\\\" style=\\\"text-align: center;\\\">Eine Mini-Publikation \u00fcber St\u00f6rf\u00e4lle in deutschen Atomkraftwerken<a class=\\\"tag-small slideshow\\\" rel=\\\"noopener\\\" href=\\\"https:\/\/weberruss.com\/de\/eine-mini-publikation-ueber-stoerfaelle-in-deutschen-atomkraftwerken\/\\\" target=\\\"_blank\\\">Zum Projekt<\/a><\/p>\"\r\n        },\r\n        {\r\n          \"type\": \"img\",\r\n          \"attid\": 1800,\r\n          \"cont\": \"\/wp-content\/uploads\/2020\/04\/2014_claus_8.jpg\",\r\n          \"sizes\": {\r\n            \"full\": \"\/wp-content\/uploads\/2020\/04\/2014_claus_8.jpg\",\r\n            \"_3200\": \"\/wp-content\/uploads\/2020\/04\/2014_claus_8-3200x2000.jpg\",\r\n            \"_2560\": \"\/wp-content\/uploads\/2020\/04\/2014_claus_8-2560x1600.jpg\",\r\n            \"_1920\": \"\/wp-content\/uploads\/2020\/04\/2014_claus_8-1920x1200.jpg\",\r\n            \"_1280\": \"\/wp-content\/uploads\/2020\/04\/2014_claus_8-1280x800.jpg\",\r\n            \"_1024\": \"\/wp-content\/uploads\/2020\/04\/2014_claus_8-1024x640.jpg\",\r\n            \"_768\": \"\/wp-content\/uploads\/2020\/04\/2014_claus_8-768x480.jpg\",\r\n            \"_512\": \"\/wp-content\/uploads\/2020\/04\/2014_claus_8-512x320.jpg\",\r\n            \"_265\": \"\/wp-content\/uploads\/2020\/04\/2014_claus_8-265x166.jpg\"\r\n          },\r\n          \"w\": 3840,\r\n          \"h\": 2400,\r\n          \"ar\": 0.625,\r\n          \"alt\": \"\",\r\n          \"caption\": \"<p class=\\\"_H2\\\" style=\\\"text-align: center;\\\">Interaktive Installation auf der 26. Design Biennale Brno<a class=\\\"tag-small slideshow\\\" rel=\\\"noopener\\\" href=\\\"https:\/\/weberruss.com\/de\/claus-die-link-archivierungs-und-tauschmaschine\/\\\" target=\\\"_blank\\\">Zum Projekt<\/a><\/p>\"\r\n        },\r\n        {\r\n          \"type\": \"img\",\r\n          \"attid\": 2837,\r\n          \"cont\": \"\/wp-content\/uploads\/2024\/03\/ffmz_jutebeutel-slider-1.jpg\",\r\n          \"sizes\": {\r\n            \"full\": \"\/wp-content\/uploads\/2024\/03\/ffmz_jutebeutel-slider-1.jpg\",\r\n            \"_3200\": \"\/wp-content\/uploads\/2024\/03\/ffmz_jutebeutel-slider-1-3200x2142.jpg\",\r\n            \"_2560\": \"\/wp-content\/uploads\/2024\/03\/ffmz_jutebeutel-slider-1-2560x1714.jpg\",\r\n            \"_1920\": \"\/wp-content\/uploads\/2024\/03\/ffmz_jutebeutel-slider-1-1920x1285.jpg\",\r\n            \"_1280\": \"\/wp-content\/uploads\/2024\/03\/ffmz_jutebeutel-slider-1-1280x857.jpg\",\r\n            \"_1024\": \"\/wp-content\/uploads\/2024\/03\/ffmz_jutebeutel-slider-1-1024x685.jpg\",\r\n            \"_768\": \"\/wp-content\/uploads\/2024\/03\/ffmz_jutebeutel-slider-1-768x514.jpg\",\r\n            \"_512\": \"\/wp-content\/uploads\/2024\/03\/ffmz_jutebeutel-slider-1-512x343.jpg\",\r\n            \"_265\": \"\/wp-content\/uploads\/2024\/03\/ffmz_jutebeutel-slider-1-265x177.jpg\"\r\n          },\r\n          \"w\": 3500,\r\n          \"h\": 2343,\r\n          \"ar\": 0.6694285714285715,\r\n          \"alt\": \"\",\r\n          \"caption\": \"<p class=\\\"_H2\\\" style=\\\"text-align: center;\\\">Erscheinungsbild f\u00fcr die Free-WiFi Initiative aus Mainz<a class=\\\"tag-small slideshow\\\" rel=\\\"noopener\\\" href=\\\"https:\/\/weberruss.com\/de\/ein-erscheinungsbild-fuer-die-free-wifi-initative-freifunk-mainz\/\\\" target=\\\"_blank\\\">Zum Projekt<\/a><\/p>\"\r\n        }\r\n      ],\r\n      \"absolute_position\": false,\r\n      \"classes\": \"bottom-fix\",\r\n      \"frameOverflow\": \"both\",\r\n      \"dosync\": false\r\n    },\r\n    {\r\n      \"type\": \"hr\",\r\n      \"cont\": \"\",\r\n      \"align\": \"middle\",\r\n      \"row\": 1,\r\n      \"col\": 0,\r\n      \"colspan\": 12,\r\n      \"offsetx\": 0,\r\n      \"offsety\": 0,\r\n      \"spaceabove\": 0,\r\n      \"spacebelow\": 0,\r\n      \"yvel\": 1,\r\n      \"push\": 0,\r\n      \"relid\": 43,\r\n      \"absolute_position\": false,\r\n      \"frameOverflow\": \"both\"\r\n    },\r\n    {\r\n      \"type\": \"text\",\r\n      \"cont\": \"<h2 class=\\\"_Large\\\">Gestaltung erzeugt Resonanz \u2013 nicht durch Lautst\u00e4rke, sondern durch Haltung, Identit\u00e4t und Konsequenz.<\/h2>\",\r\n      \"align\": \"top\",\r\n      \"row\": 2,\r\n      \"col\": 0,\r\n      \"colspan\": 10,\r\n      \"offsetx\": 0,\r\n      \"offsety\": 0,\r\n      \"spaceabove\": 0,\r\n      \"spacebelow\": 0,\r\n      \"yvel\": 1,\r\n      \"push\": 0,\r\n      \"relid\": 37,\r\n      \"absolute_position\": true,\r\n      \"stickytop\": \"75\",\r\n      \"pxwidth\": null,\r\n      \"dosync\": false\r\n    },\r\n    {\r\n      \"type\": \"hr\",\r\n      \"cont\": \"\",\r\n      \"align\": \"middle\",\r\n      \"row\": 3,\r\n      \"col\": 0,\r\n      \"colspan\": 12,\r\n      \"offsetx\": 0,\r\n      \"offsety\": 0,\r\n      \"spaceabove\": 0,\r\n      \"spacebelow\": 0,\r\n      \"yvel\": 1,\r\n      \"push\": 0,\r\n      \"relid\": 3,\r\n      \"absolute_position\": false,\r\n      \"frameOverflow\": \"both\"\r\n    },\r\n    {\r\n      \"type\": \"text\",\r\n      \"cont\": \"<p class=\\\"_Default\\\">Neues<\/p>\",\r\n      \"align\": \"middle\",\r\n      \"row\": 4,\r\n      \"col\": 0,\r\n      \"colspan\": 12,\r\n      \"offsetx\": 0,\r\n      \"offsety\": 0,\r\n      \"spaceabove\": 0,\r\n      \"spacebelow\": 0,\r\n      \"yvel\": 1,\r\n      \"push\": 0,\r\n      \"relid\": 15,\r\n      \"absolute_position\": false,\r\n      \"frameOverflow\": \"\"\r\n    },\r\n    {\r\n      \"type\": \"stack\",\r\n      \"cont\": [\r\n        {\r\n          \"type\": \"img\",\r\n          \"cont\": \"\/wp-content\/uploads\/2024\/11\/AI_INDEX_WORKSHOP_WEBSITE_POST@2x.jpg\",\r\n          \"align\": \"top\",\r\n          \"row\": -1,\r\n          \"col\": 0,\r\n          \"colspan\": 4,\r\n          \"offsetx\": 0,\r\n          \"offsety\": 0,\r\n          \"spaceabove\": 0,\r\n          \"spacebelow\": 0,\r\n          \"yvel\": 1,\r\n          \"push\": 0,\r\n          \"relid\": 8,\r\n          \"attid\": 3168,\r\n          \"sizes\": {\r\n            \"full\": \"\/wp-content\/uploads\/2024\/11\/AI_INDEX_WORKSHOP_WEBSITE_POST@2x.jpg\",\r\n            \"_1280\": \"\/wp-content\/uploads\/2024\/11\/AI_INDEX_WORKSHOP_WEBSITE_POST@2x-1280x853.jpg\",\r\n            \"_1024\": \"\/wp-content\/uploads\/2024\/11\/AI_INDEX_WORKSHOP_WEBSITE_POST@2x-1024x683.jpg\",\r\n            \"_768\": \"\/wp-content\/uploads\/2024\/11\/AI_INDEX_WORKSHOP_WEBSITE_POST@2x-768x512.jpg\",\r\n            \"_512\": \"\/wp-content\/uploads\/2024\/11\/AI_INDEX_WORKSHOP_WEBSITE_POST@2x-512x341.jpg\",\r\n            \"_265\": \"\/wp-content\/uploads\/2024\/11\/AI_INDEX_WORKSHOP_WEBSITE_POST@2x-265x177.jpg\"\r\n          },\r\n          \"w\": 1620,\r\n          \"h\": 1080,\r\n          \"ar\": 0.6666666666666666,\r\n          \"alt\": \"\",\r\n          \"classes\": \"card\",\r\n          \"absolute_position\": false\r\n        },\r\n        {\r\n          \"type\": \"text\",\r\n          \"cont\": \"<p class=\\\"_Default\\\">Wie ver\u00e4ndert AI unsere visuelle Kultur? Im Workshop erkunden wir den Einsatz von Text-to-Image-Bildgeneratoren als kreative Werkzeuge. Gemeinsam entwickeln wir Artwork-Cover und experimentieren mit neuen \u00e4sthetischen Ans\u00e4tzen, w\u00e4hrend wir die Auswirkungen von AI auf die Zukunft des Grafikdesigns diskutieren.<\/p><p><a class=\\\"tag-small\\\" rel=\\\"noopener\\\" href=\\\"https:\/\/www.atelierfrankfurt.de\/portfolio_page\/aiindex\/\\\" target=\\\"_blank\\\">Zum Workshop<\/a><\/p>\",\r\n          \"align\": \"middle\",\r\n          \"row\": -1,\r\n          \"col\": 0,\r\n          \"colspan\": 4,\r\n          \"offsetx\": 0,\r\n          \"offsety\": 0,\r\n          \"spaceabove\": 16,\r\n          \"spacebelow\": 0,\r\n          \"yvel\": 1,\r\n          \"push\": 0,\r\n          \"relid\": 9,\r\n          \"absolute_position\": false\r\n        }\r\n      ],\r\n      \"align\": \"top\",\r\n      \"row\": 5,\r\n      \"col\": 0,\r\n      \"colspan\": 4,\r\n      \"offsetx\": 0,\r\n      \"offsety\": 0,\r\n      \"spaceabove\": 0,\r\n      \"spacebelow\": 0,\r\n      \"yvel\": 1,\r\n      \"push\": 0,\r\n      \"relid\": 7,\r\n      \"absolute_position\": false\r\n    },\r\n    {\r\n      \"type\": \"stack\",\r\n      \"cont\": [\r\n        {\r\n          \"type\": \"img\",\r\n          \"cont\": \"\/wp-content\/uploads\/2024\/02\/schau_kas_ten.png\",\r\n          \"align\": \"top\",\r\n          \"row\": -1,\r\n          \"col\": 0,\r\n          \"colspan\": 4,\r\n          \"offsetx\": 0,\r\n          \"offsety\": 0,\r\n          \"spaceabove\": 0,\r\n          \"spacebelow\": 0,\r\n          \"yvel\": 1,\r\n          \"push\": 0,\r\n          \"relid\": 535,\r\n          \"attid\": 2724,\r\n          \"sizes\": {\r\n            \"full\": \"\/wp-content\/uploads\/2024\/02\/schau_kas_ten.png\",\r\n            \"_1280\": \"\/wp-content\/uploads\/2024\/02\/schau_kas_ten-1280x853.png\",\r\n            \"_1024\": \"\/wp-content\/uploads\/2024\/02\/schau_kas_ten-1024x683.png\",\r\n            \"_768\": \"\/wp-content\/uploads\/2024\/02\/schau_kas_ten-768x512.png\",\r\n            \"_512\": \"\/wp-content\/uploads\/2024\/02\/schau_kas_ten-512x341.png\",\r\n            \"_265\": \"\/wp-content\/uploads\/2024\/02\/schau_kas_ten-265x177.png\"\r\n          },\r\n          \"w\": 1620,\r\n          \"h\": 1080,\r\n          \"ar\": 0.6666666666666666,\r\n          \"alt\": \"\",\r\n          \"classes\": \"card\",\r\n          \"absolute_position\": false\r\n        },\r\n        {\r\n          \"type\": \"text\",\r\n          \"cont\": \"<p class=\\\"_Default\\\">Die Ausstellung \u201eDigital Bright Age\u201c zeigt als Gegenentwurf zum \u201eDigital Dark Age\u201c Animationen aus verschiedenen Disziplinen. Zu sehen vom 23. Feb. bis zum 23.\u2009M\u00e4rz 2024 in Offenbach am Main.<\/p><p><a class=\\\"tag-small\\\" rel=\\\"noopener\\\" href=\\\"https:\/\/schau-kas-ten.de\\\" target=\\\"_blank\\\">SCHAU\u2014KAS\u2014TEN<\/a><\/p>\",\r\n          \"align\": \"middle\",\r\n          \"row\": -1,\r\n          \"col\": 0,\r\n          \"colspan\": 4,\r\n          \"offsetx\": 0,\r\n          \"offsety\": 0,\r\n          \"spaceabove\": 16,\r\n          \"spacebelow\": 0,\r\n          \"yvel\": 1,\r\n          \"push\": 0,\r\n          \"relid\": 536,\r\n          \"absolute_position\": false\r\n        }\r\n      ],\r\n      \"align\": \"top\",\r\n      \"row\": 5,\r\n      \"col\": 4,\r\n      \"colspan\": 4,\r\n      \"offsetx\": 0,\r\n      \"offsety\": 0,\r\n      \"spaceabove\": 0,\r\n      \"spacebelow\": 0,\r\n      \"yvel\": 1,\r\n      \"push\": 0,\r\n      \"relid\": 21,\r\n      \"absolute_position\": false\r\n    },\r\n    {\r\n      \"type\": \"stack\",\r\n      \"cont\": [\r\n        {\r\n          \"type\": \"img\",\r\n          \"cont\": \"\/wp-content\/uploads\/2020\/12\/20201210_arthur_loewen.jpg\",\r\n          \"align\": \"top\",\r\n          \"row\": -1,\r\n          \"col\": 0,\r\n          \"colspan\": 4,\r\n          \"offsetx\": 0,\r\n          \"offsety\": 0,\r\n          \"spaceabove\": 0,\r\n          \"spacebelow\": 0,\r\n          \"yvel\": 1,\r\n          \"push\": 0,\r\n          \"relid\": 554,\r\n          \"attid\": 2013,\r\n          \"sizes\": {\r\n            \"full\": \"\/wp-content\/uploads\/2020\/12\/20201210_arthur_loewen.jpg\",\r\n            \"_1280\": \"\/wp-content\/uploads\/2020\/12\/20201210_arthur_loewen-1280x853.jpg\",\r\n            \"_1024\": \"\/wp-content\/uploads\/2020\/12\/20201210_arthur_loewen-1024x683.jpg\",\r\n            \"_768\": \"\/wp-content\/uploads\/2020\/12\/20201210_arthur_loewen-768x512.jpg\",\r\n            \"_512\": \"\/wp-content\/uploads\/2020\/12\/20201210_arthur_loewen-512x341.jpg\",\r\n            \"_265\": \"\/wp-content\/uploads\/2020\/12\/20201210_arthur_loewen-265x177.jpg\"\r\n          },\r\n          \"w\": 1620,\r\n          \"h\": 1080,\r\n          \"ar\": 0.6666666666666666,\r\n          \"alt\": \"\",\r\n          \"classes\": \"card\",\r\n          \"absolute_position\": false\r\n        },\r\n        {\r\n          \"type\": \"text\",\r\n          \"cont\": \"<p class=\\\"p1\\\">Der Frankfurter K\u00fcnstler Arthur L\u00f6wen folgt einem imagin\u00e4ren Drehbuch und fordert sich selbst st\u00e4ndig heraus. Sebastian Heindorff portr\u00e4tierte ihn in seinem Atelier sowie der Ausstellung \u201eOrbit\u201c, die Arthur zusammen mit B<span class=\\\"s1\\\">\u00e9<\/span>la Feldberg kuratierte.<\/p><p><a class=\\\"tag-small\\\" rel=\\\"noopener\\\" href=\\\"https:\/\/kubaparis.com\/arthur-lowen-ein-portrait-von-sebastian-heindorff\/\\\" target=\\\"_blank\\\">KubaParis<\/a><\/p>\",\r\n          \"align\": \"middle\",\r\n          \"row\": -1,\r\n          \"col\": 0,\r\n          \"colspan\": 4,\r\n          \"offsetx\": 0,\r\n          \"offsety\": 0,\r\n          \"spaceabove\": 16,\r\n          \"spacebelow\": 0,\r\n          \"yvel\": 1,\r\n          \"push\": 0,\r\n          \"relid\": 555,\r\n          \"absolute_position\": false\r\n        }\r\n      ],\r\n      \"align\": \"top\",\r\n      \"row\": 5,\r\n      \"col\": 8,\r\n      \"colspan\": 4,\r\n      \"offsetx\": 0,\r\n      \"offsety\": 0,\r\n      \"spaceabove\": 0,\r\n      \"spacebelow\": 0,\r\n      \"yvel\": 1,\r\n      \"push\": 0,\r\n      \"relid\": 22,\r\n      \"absolute_position\": false\r\n    },\r\n    {\r\n      \"type\": \"stack\",\r\n      \"cont\": [\r\n        {\r\n          \"type\": \"img\",\r\n          \"cont\": \"\/wp-content\/uploads\/2020\/12\/20201128_me_and_mother-1.jpg\",\r\n          \"align\": \"top\",\r\n          \"row\": -1,\r\n          \"col\": 0,\r\n          \"colspan\": 4,\r\n          \"offsetx\": 0,\r\n          \"offsety\": 0,\r\n          \"spaceabove\": 0,\r\n          \"spacebelow\": 0,\r\n          \"yvel\": 1,\r\n          \"push\": 0,\r\n          \"relid\": 1088,\r\n          \"attid\": 2015,\r\n          \"sizes\": {\r\n            \"full\": \"\/wp-content\/uploads\/2020\/12\/20201128_me_and_mother-1.jpg\",\r\n            \"_1280\": \"\/wp-content\/uploads\/2020\/12\/20201128_me_and_mother-1-1280x853.jpg\",\r\n            \"_1024\": \"\/wp-content\/uploads\/2020\/12\/20201128_me_and_mother-1-1024x683.jpg\",\r\n            \"_768\": \"\/wp-content\/uploads\/2020\/12\/20201128_me_and_mother-1-768x512.jpg\",\r\n            \"_512\": \"\/wp-content\/uploads\/2020\/12\/20201128_me_and_mother-1-512x341.jpg\",\r\n            \"_265\": \"\/wp-content\/uploads\/2020\/12\/20201128_me_and_mother-1-265x177.jpg\"\r\n          },\r\n          \"w\": 1620,\r\n          \"h\": 1080,\r\n          \"ar\": 0.6666666666666666,\r\n          \"alt\": \"\",\r\n          \"classes\": \"card\",\r\n          \"absolute_position\": false\r\n        },\r\n        {\r\n          \"type\": \"text\",\r\n          \"cont\": \"<p class=\\\"p1\\\">Im Kurzfilm \u201eM(e)&amp;M(other)\u201c spricht die Frankfurter Choreographin und T\u00e4nzerin Raimonda Gudaviciute offen \u00fcber ihren pers\u00f6nlichen inneren Konflikt. Es erweist sich f\u00fcr sie stets als schwierig, sowohl engagierte und f\u00fcrsorgliche Mutter, als auch kreative, freischaffende K\u00fcnstlerin zu sein.<\/p><p><a class=\\\"tag-small\\\" rel=\\\"noopener\\\" href=\\\"http:\/\/www.berlin-tokyo.com\/memother\/\\\" target=\\\"_blank\\\">Berlin\u2014Tokyo<\/a><\/p>\",\r\n          \"align\": \"middle\",\r\n          \"row\": -1,\r\n          \"col\": 0,\r\n          \"colspan\": 4,\r\n          \"offsetx\": 0,\r\n          \"offsety\": 0,\r\n          \"spaceabove\": 16,\r\n          \"spacebelow\": 0,\r\n          \"yvel\": 1,\r\n          \"push\": 0,\r\n          \"relid\": 1089,\r\n          \"absolute_position\": false\r\n        }\r\n      ],\r\n      \"align\": \"top\",\r\n      \"row\": 6,\r\n      \"col\": 0,\r\n      \"colspan\": 4,\r\n      \"offsetx\": 0,\r\n      \"offsety\": 0,\r\n      \"spaceabove\": 0,\r\n      \"spacebelow\": 0,\r\n      \"yvel\": 1,\r\n      \"push\": 0,\r\n      \"relid\": 618,\r\n      \"absolute_position\": false\r\n    },\r\n    {\r\n      \"type\": \"stack\",\r\n      \"cont\": [\r\n        {\r\n          \"type\": \"img\",\r\n          \"cont\": \"\/wp-content\/uploads\/2020\/12\/20200920_appointment_japan.jpg\",\r\n          \"align\": \"top\",\r\n          \"row\": -1,\r\n          \"col\": 0,\r\n          \"colspan\": 4,\r\n          \"offsetx\": 0,\r\n          \"offsety\": 0,\r\n          \"spaceabove\": 0,\r\n          \"spacebelow\": 0,\r\n          \"yvel\": 1,\r\n          \"push\": 0,\r\n          \"relid\": 1462,\r\n          \"attid\": 2014,\r\n          \"sizes\": {\r\n            \"full\": \"\/wp-content\/uploads\/2020\/12\/20200920_appointment_japan.jpg\",\r\n            \"_1280\": \"\/wp-content\/uploads\/2020\/12\/20200920_appointment_japan-1280x853.jpg\",\r\n            \"_1024\": \"\/wp-content\/uploads\/2020\/12\/20200920_appointment_japan-1024x683.jpg\",\r\n            \"_768\": \"\/wp-content\/uploads\/2020\/12\/20200920_appointment_japan-768x512.jpg\",\r\n            \"_512\": \"\/wp-content\/uploads\/2020\/12\/20200920_appointment_japan-512x341.jpg\",\r\n            \"_265\": \"\/wp-content\/uploads\/2020\/12\/20200920_appointment_japan-265x177.jpg\"\r\n          },\r\n          \"w\": 1620,\r\n          \"h\": 1080,\r\n          \"ar\": 0.6666666666666666,\r\n          \"alt\": \"\",\r\n          \"classes\": \"card\",\r\n          \"absolute_position\": false\r\n        },\r\n        {\r\n          \"type\": \"text\",\r\n          \"cont\": \"<p class=\\\"p1\\\">Anfang 2020 reiste der Filmemacher Sebastian Heindorff nach Japan und produzierte drei K\u00fcnstlerportr\u00e4ts. Takuma Nakata aus Kyoto, Colliu Pero und Ayaka Fukano aus Tokio \u2014 drei unverwechselbare K\u00fcnstler, die jeweils einen ganz einzigartigen Ansatz verfolgen. Die entstandenen Kurzfilme<span class=\\\"Apple-converted-space\\\">\u00a0 \u201e<\/span>Appointment Japan\u201c k\u00f6nnen auf dem online Magazin sabukaru angesehen werden.<\/p><p><a class=\\\"tag-small\\\" rel=\\\"noopener\\\" href=\\\"https:\/\/sabukaru.online\/articles\/the-appointment-japan\\\" target=\\\"_blank\\\">sabukaru.online<\/a><\/p>\",\r\n          \"align\": \"top\",\r\n          \"row\": -1,\r\n          \"col\": 0,\r\n          \"colspan\": 4,\r\n          \"offsetx\": 0,\r\n          \"offsety\": 0,\r\n          \"spaceabove\": 16,\r\n          \"spacebelow\": 0,\r\n          \"yvel\": 1,\r\n          \"push\": 0,\r\n          \"relid\": 1463,\r\n          \"absolute_position\": false\r\n        }\r\n      ],\r\n      \"align\": \"top\",\r\n      \"row\": 6,\r\n      \"col\": 4,\r\n      \"colspan\": 4,\r\n      \"offsetx\": 0,\r\n      \"offsety\": 0,\r\n      \"spaceabove\": 0,\r\n      \"spacebelow\": 0,\r\n      \"yvel\": 1,\r\n      \"push\": 0,\r\n      \"relid\": 6,\r\n      \"absolute_position\": false\r\n    },\r\n    {\r\n      \"type\": \"stack\",\r\n      \"cont\": [\r\n        {\r\n          \"type\": \"img\",\r\n          \"cont\": \"\/wp-content\/uploads\/2020\/03\/Ambient_Noise_1080x720.jpg\",\r\n          \"align\": \"top\",\r\n          \"row\": -1,\r\n          \"col\": 0,\r\n          \"colspan\": 4,\r\n          \"offsetx\": 0,\r\n          \"offsety\": 0,\r\n          \"spaceabove\": 0,\r\n          \"spacebelow\": 0,\r\n          \"yvel\": 1,\r\n          \"push\": 0,\r\n          \"relid\": 721,\r\n          \"attid\": 1323,\r\n          \"sizes\": {\r\n            \"full\": \"\/wp-content\/uploads\/2020\/03\/Ambient_Noise_1080x720.jpg\",\r\n            \"_1024\": \"\/wp-content\/uploads\/2020\/03\/Ambient_Noise_1080x720-1024x683.jpg\",\r\n            \"_768\": \"\/wp-content\/uploads\/2020\/03\/Ambient_Noise_1080x720-768x512.jpg\",\r\n            \"_512\": \"\/wp-content\/uploads\/2020\/03\/Ambient_Noise_1080x720-512x341.jpg\",\r\n            \"_265\": \"\/wp-content\/uploads\/2020\/03\/Ambient_Noise_1080x720-265x177.jpg\"\r\n          },\r\n          \"w\": 1080,\r\n          \"h\": 720,\r\n          \"ar\": 0.6666666666666666,\r\n          \"alt\": \"\",\r\n          \"classes\": \"card\",\r\n          \"absolute_position\": false\r\n        },\r\n        {\r\n          \"type\": \"text\",\r\n          \"cont\": \"<p class=\\\"_Default\\\">Ob im Gro\u00dfraumb\u00fcro, Co-Working Space, Caf\u00e9 oder im Home Office, manchmal f\u00e4llt es schwer sich zu konzentrieren. Das Telefon beim Tischnachbarn klingelt, ein privates Gespr\u00e4ch zwischen Kollegen oder die Baustelle nebenan ist wieder lauter als sonst und der fokussierte Augenblick ist dahin. Ambient Noise hilft dabei ungew\u00fcnschte Ger\u00e4usche zu maskieren indem sie mit gleichm\u00e4\u00dfigen \u00fcberdeckt werden. Also am besten direkt ausprobieren.<\/p><p><a class=\\\"tag-small\\\" rel=\\\"noopener\\\" href=\\\"https:\/\/ambientnoise.de\\\" target=\\\"_blank\\\">Ambient\u00a0Noise<\/a><\/p>\",\r\n          \"align\": \"top\",\r\n          \"row\": -1,\r\n          \"col\": 0,\r\n          \"colspan\": 4,\r\n          \"offsetx\": 0,\r\n          \"offsety\": 0,\r\n          \"spaceabove\": 16,\r\n          \"spacebelow\": 0,\r\n          \"yvel\": 1,\r\n          \"push\": 0,\r\n          \"relid\": 250,\r\n          \"absolute_position\": false\r\n        }\r\n      ],\r\n      \"align\": \"top\",\r\n      \"row\": 6,\r\n      \"col\": 8,\r\n      \"colspan\": 4,\r\n      \"offsetx\": 0,\r\n      \"offsety\": 0,\r\n      \"spaceabove\": 0,\r\n      \"spacebelow\": 0,\r\n      \"yvel\": 1,\r\n      \"push\": 0,\r\n      \"relid\": 48,\r\n      \"absolute_position\": false\r\n    },\r\n    {\r\n      \"type\": \"text\",\r\n      \"cont\": \"<h2 class=\\\"_Large\\\">Studio f\u00fcr Gestaltung, Strategie und Kommunikation<\/h2>\",\r\n      \"align\": \"top\",\r\n      \"row\": 7,\r\n      \"col\": 0,\r\n      \"colspan\": 12,\r\n      \"offsetx\": 0,\r\n      \"offsety\": 0,\r\n      \"spaceabove\": 0,\r\n      \"spacebelow\": 0,\r\n      \"yvel\": 1,\r\n      \"push\": 0,\r\n      \"relid\": 51,\r\n      \"absolute_position\": false\r\n    }\r\n  ]\r\n}","phonegrid":"{\r\n  \"colCount\": 1,\r\n  \"colGutter\": 16,\r\n  \"rowGutters\": [\r\n    11,\r\n    12,\r\n    12,\r\n    12,\r\n    12,\r\n    12,\r\n    \"32\",\r\n    12,\r\n    32,\r\n    12,\r\n    32,\r\n    12,\r\n    32,\r\n    12,\r\n    32,\r\n    12,\r\n    32\r\n  ],\r\n  \"frameMargin\": 16,\r\n  \"leftFrameMargin\": 12,\r\n  \"rightFrameMargin\": 12,\r\n  \"topFrameMargin\": 0,\r\n  \"mus\": {\r\n    \"colGutterMu\": \"px\",\r\n    \"rowGutterMu\": \"px\",\r\n    \"topFrameMu\": \"px\",\r\n    \"bottomFrameMu\": \"px\",\r\n    \"frameMu\": \"px\"\r\n  },\r\n  \"bottomFrameMargin\": 24,\r\n  \"rowAttrs\": [\r\n    {\r\n      \"rowcustomheight\": \"\",\r\n      \"relid\": 12\r\n    },\r\n    {\r\n      \"relid\": 40\r\n    },\r\n    {\r\n      \"row100vh\": false,\r\n      \"rowcustomheight\": \"50vh\",\r\n      \"relid\": 11\r\n    },\r\n    {\r\n      \"relid\": 14\r\n    },\r\n    {\r\n      \"relid\": 35\r\n    },\r\n    {\r\n      \"relid\": 30\r\n    },\r\n    {\r\n      \"relid\": 29\r\n    },\r\n    {\r\n      \"relid\": 20\r\n    },\r\n    {\r\n      \"relid\": 23\r\n    },\r\n    {\r\n      \"relid\": 16\r\n    },\r\n    {\r\n      \"relid\": 17\r\n    },\r\n    {\r\n      \"relid\": 18\r\n    },\r\n    {\r\n      \"relid\": 19\r\n    },\r\n    {\r\n      \"relid\": 24\r\n    },\r\n    {\r\n      \"relid\": 25\r\n    },\r\n    {\r\n      \"relid\": 32\r\n    },\r\n    {\r\n      \"relid\": 33\r\n    },\r\n    {\r\n      \"relid\": 39\r\n    }\r\n  ],\r\n  \"bgColor\": null,\r\n  \"bgImage\": null,\r\n  \"cont\": [\r\n    {\r\n      \"type\": \"carousel\",\r\n      \"cont\": \"\",\r\n      \"align\": \"top\",\r\n      \"row\": 0,\r\n      \"col\": 0,\r\n      \"colspan\": 1,\r\n      \"offsetx\": 0,\r\n      \"offsety\": 0,\r\n      \"spaceabove\": 0,\r\n      \"spacebelow\": 0,\r\n      \"yvel\": 1,\r\n      \"push\": 0,\r\n      \"relid\": 732,\r\n      \"carousel_options\": {\r\n        \"random\": false,\r\n        \"autoplay\": false,\r\n        \"showMultipleSlides\": false,\r\n        \"freeScroll\": null,\r\n        \"size\": \"useCustomAspectRatio\",\r\n        \"slidesWidth\": \"\",\r\n        \"transition\": \"sliding\",\r\n        \"centeredSlides\": true,\r\n        \"fillSlides\": true,\r\n        \"loop\": true,\r\n        \"disableClick\": false,\r\n        \"captionsUnderSlides\": false,\r\n        \"autoplayDelay\": 20000,\r\n        \"transitionSpeed\": 400,\r\n        \"autoplaySpeed\": 7000,\r\n        \"mousewheelScroll\": false,\r\n        \"spaceBetween\": 0,\r\n        \"customAspectRatioW\": 4,\r\n        \"customAspectRatioH\": 4\r\n      },\r\n      \"carousel\": [\r\n        {\r\n          \"type\": \"img\",\r\n          \"attid\": 2706,\r\n          \"cont\": \"\/wp-content\/uploads\/2024\/01\/ai-index-weberruss-studio-black.jpg\",\r\n          \"sizes\": {\r\n            \"full\": \"\/wp-content\/uploads\/2024\/01\/ai-index-weberruss-studio-black.jpg\",\r\n            \"_3200\": \"\/wp-content\/uploads\/2024\/01\/ai-index-weberruss-studio-black-3200x2133.jpg\",\r\n            \"_2560\": \"\/wp-content\/uploads\/2024\/01\/ai-index-weberruss-studio-black-2560x1706.jpg\",\r\n            \"_1920\": \"\/wp-content\/uploads\/2024\/01\/ai-index-weberruss-studio-black-1920x1280.jpg\",\r\n            \"_1280\": \"\/wp-content\/uploads\/2024\/01\/ai-index-weberruss-studio-black-1280x853.jpg\",\r\n            \"_1024\": \"\/wp-content\/uploads\/2024\/01\/ai-index-weberruss-studio-black-1024x683.jpg\",\r\n            \"_768\": \"\/wp-content\/uploads\/2024\/01\/ai-index-weberruss-studio-black-768x512.jpg\",\r\n            \"_512\": \"\/wp-content\/uploads\/2024\/01\/ai-index-weberruss-studio-black-512x341.jpg\",\r\n            \"_265\": \"\/wp-content\/uploads\/2024\/01\/ai-index-weberruss-studio-black-265x177.jpg\"\r\n          },\r\n          \"w\": 3500,\r\n          \"h\": 2333,\r\n          \"ar\": 0.6665714285714286,\r\n          \"alt\": \"\",\r\n          \"caption\": \"<p class=\\\"_H2\\\"><a class=\\\"tag-small slideshow\\\" rel=\\\"noopener\\\" href=\\\"https:\/\/ai-index.eu\/\\\" target=\\\"_blank\\\">AI INDEX<\/a><\/p>\"\r\n        },\r\n        {\r\n          \"type\": \"html5video\",\r\n          \"autoplay\": true,\r\n          \"loop\": true,\r\n          \"mute\": true,\r\n          \"muteDisabled\": \"disabled\",\r\n          \"controls\": false,\r\n          \"playpauseonclick\": false,\r\n          \"playicon\": false,\r\n          \"ar\": 0.5625,\r\n          \"unmutebutton\": false,\r\n          \"unmuteButtonStyle\": 1,\r\n          \"unmutebuttonDisabled\": \"\",\r\n          \"h\": 1440,\r\n          \"w\": 2560,\r\n          \"mp4\": \"\/wp-content\/uploads\/2024\/01\/aaug-cover.mp4\",\r\n          \"cont\": null,\r\n          \"filename\": \"aaug-cover.mp4\",\r\n          \"sizes\": null,\r\n          \"imgar\": 0,\r\n          \"mp4attid\": 2692,\r\n          \"caption\": \"<p class=\\\"_H2\\\"><a class=\\\"tag-small slideshow\\\" rel=\\\"noopener\\\" href=\\\"https:\/\/open-culture.eu\\\" target=\\\"_blank\\\">Open Culture Publishing<\/a><\/p>\"\r\n        },\r\n        {\r\n          \"type\": \"img\",\r\n          \"attid\": 2679,\r\n          \"cont\": \"\/wp-content\/uploads\/2024\/01\/Frankfurter-Kueche-WEBERRUSS.Studio-e1708777881660.jpg\",\r\n          \"sizes\": {\r\n            \"full\": \"\/wp-content\/uploads\/2024\/01\/Frankfurter-Kueche-WEBERRUSS.Studio-e1708777881660.jpg\",\r\n            \"_4096\": \"\/wp-content\/uploads\/2024\/01\/Frankfurter-Kueche-WEBERRUSS.Studio-4096x2731.jpg\",\r\n            \"_3840\": \"\/wp-content\/uploads\/2024\/01\/Frankfurter-Kueche-WEBERRUSS.Studio-3840x2560.jpg\",\r\n            \"_3200\": \"\/wp-content\/uploads\/2024\/01\/Frankfurter-Kueche-WEBERRUSS.Studio-3200x2133.jpg\",\r\n            \"_2560\": \"\/wp-content\/uploads\/2024\/01\/Frankfurter-Kueche-WEBERRUSS.Studio-2560x1707.jpg\",\r\n            \"_1920\": \"\/wp-content\/uploads\/2024\/01\/Frankfurter-Kueche-WEBERRUSS.Studio-1920x1280.jpg\",\r\n            \"_1280\": \"\/wp-content\/uploads\/2024\/01\/Frankfurter-Kueche-WEBERRUSS.Studio-1280x853.jpg\",\r\n            \"_1024\": \"\/wp-content\/uploads\/2024\/01\/Frankfurter-Kueche-WEBERRUSS.Studio-1024x683.jpg\",\r\n            \"_768\": \"\/wp-content\/uploads\/2024\/01\/Frankfurter-Kueche-WEBERRUSS.Studio-768x512.jpg\",\r\n            \"_512\": \"\/wp-content\/uploads\/2024\/01\/Frankfurter-Kueche-WEBERRUSS.Studio-512x341.jpg\",\r\n            \"_265\": \"\/wp-content\/uploads\/2024\/01\/Frankfurter-Kueche-WEBERRUSS.Studio-265x177.jpg\"\r\n          },\r\n          \"w\": 3500,\r\n          \"h\": 2333,\r\n          \"ar\": 0.6665714285714286,\r\n          \"alt\": \"\",\r\n          \"caption\": \"<p class=\\\"_H2\\\" style=\\\"text-align: left;\\\"><a class=\\\"tag-small slideshow\\\" rel=\\\"noopener\\\" href=\\\"https:\/\/demo.weberruss.com\/#\/nk1F8lKC\\\" target=\\\"_blank\\\">Frankfurter Kueche<\/a><\/p>\"\r\n        },\r\n        {\r\n          \"type\": \"img\",\r\n          \"attid\": 2119,\r\n          \"cont\": \"\/wp-content\/uploads\/2017\/06\/2014_ryoku_01.jpg\",\r\n          \"sizes\": {\r\n            \"full\": \"\/wp-content\/uploads\/2017\/06\/2014_ryoku_01.jpg\",\r\n            \"_2560\": \"\/wp-content\/uploads\/2017\/06\/2014_ryoku_01-2560x1440.jpg\",\r\n            \"_1920\": \"\/wp-content\/uploads\/2017\/06\/2014_ryoku_01-1920x1080.jpg\",\r\n            \"_1280\": \"\/wp-content\/uploads\/2017\/06\/2014_ryoku_01-1280x720.jpg\",\r\n            \"_1024\": \"\/wp-content\/uploads\/2017\/06\/2014_ryoku_01-1024x576.jpg\",\r\n            \"_768\": \"\/wp-content\/uploads\/2017\/06\/2014_ryoku_01-768x432.jpg\",\r\n            \"_512\": \"\/wp-content\/uploads\/2017\/06\/2014_ryoku_01-512x288.jpg\",\r\n            \"_265\": \"\/wp-content\/uploads\/2017\/06\/2014_ryoku_01-265x149.jpg\"\r\n          },\r\n          \"w\": 2880,\r\n          \"h\": 1620,\r\n          \"ar\": 0.5625,\r\n          \"alt\": \"\",\r\n          \"caption\": \"<p class=\\\"_H2\\\"><a class=\\\"tag-small slideshow\\\" rel=\\\"noopener\\\" href=\\\"https:\/\/weberruss.com\/de\/entwicklung-einer-visuellen-identitaet-fuer-das-ryoku-netlabel\/\\\" target=\\\"_blank\\\">Ryoku<\/a><\/p>\"\r\n        },\r\n        {\r\n          \"type\": \"img\",\r\n          \"attid\": 2405,\r\n          \"cont\": \"\/wp-content\/uploads\/2023\/06\/Liebl-Schmid-Pfaehler-Teaser.jpg\",\r\n          \"sizes\": {\r\n            \"full\": \"\/wp-content\/uploads\/2023\/06\/Liebl-Schmid-Pfaehler-Teaser.jpg\",\r\n            \"_3200\": \"\/wp-content\/uploads\/2023\/06\/Liebl-Schmid-Pfaehler-Teaser-3200x2133.jpg\",\r\n            \"_2560\": \"\/wp-content\/uploads\/2023\/06\/Liebl-Schmid-Pfaehler-Teaser-2560x1706.jpg\",\r\n            \"_1920\": \"\/wp-content\/uploads\/2023\/06\/Liebl-Schmid-Pfaehler-Teaser-1920x1280.jpg\",\r\n            \"_1280\": \"\/wp-content\/uploads\/2023\/06\/Liebl-Schmid-Pfaehler-Teaser-1280x853.jpg\",\r\n            \"_1024\": \"\/wp-content\/uploads\/2023\/06\/Liebl-Schmid-Pfaehler-Teaser-1024x683.jpg\",\r\n            \"_768\": \"\/wp-content\/uploads\/2023\/06\/Liebl-Schmid-Pfaehler-Teaser-768x512.jpg\",\r\n            \"_512\": \"\/wp-content\/uploads\/2023\/06\/Liebl-Schmid-Pfaehler-Teaser-512x341.jpg\",\r\n            \"_265\": \"\/wp-content\/uploads\/2023\/06\/Liebl-Schmid-Pfaehler-Teaser-265x177.jpg\"\r\n          },\r\n          \"w\": 3500,\r\n          \"h\": 2333,\r\n          \"ar\": 0.6665714285714286,\r\n          \"alt\": \"\",\r\n          \"caption\": \"<p class=\\\"_H2\\\"><a class=\\\"tag-small slideshow\\\" rel=\\\"noopener\\\" href=\\\"https:\/\/radiate.fish\\\" target=\\\"_blank\\\">Liebl\u00a0&amp;\u00a0Schmid\u2011Pf\u00e4hler<\/a><\/p>\"\r\n        },\r\n        {\r\n          \"type\": \"img\",\r\n          \"attid\": 2215,\r\n          \"cont\": \"\/wp-content\/uploads\/2021\/03\/staedtischer_honig_aus_tiengen_hero.jpg\",\r\n          \"sizes\": {\r\n            \"full\": \"\/wp-content\/uploads\/2021\/03\/staedtischer_honig_aus_tiengen_hero.jpg\",\r\n            \"_3200\": \"\/wp-content\/uploads\/2021\/03\/staedtischer_honig_aus_tiengen_hero-3200x1800.jpg\",\r\n            \"_2560\": \"\/wp-content\/uploads\/2021\/03\/staedtischer_honig_aus_tiengen_hero-2560x1440.jpg\",\r\n            \"_1920\": \"\/wp-content\/uploads\/2021\/03\/staedtischer_honig_aus_tiengen_hero-1920x1080.jpg\",\r\n            \"_1280\": \"\/wp-content\/uploads\/2021\/03\/staedtischer_honig_aus_tiengen_hero-1280x720.jpg\",\r\n            \"_1024\": \"\/wp-content\/uploads\/2021\/03\/staedtischer_honig_aus_tiengen_hero-1024x576.jpg\",\r\n            \"_768\": \"\/wp-content\/uploads\/2021\/03\/staedtischer_honig_aus_tiengen_hero-768x432.jpg\",\r\n            \"_512\": \"\/wp-content\/uploads\/2021\/03\/staedtischer_honig_aus_tiengen_hero-512x288.jpg\",\r\n            \"_265\": \"\/wp-content\/uploads\/2021\/03\/staedtischer_honig_aus_tiengen_hero-265x149.jpg\"\r\n          },\r\n          \"w\": 3840,\r\n          \"h\": 2160,\r\n          \"ar\": 0.5625,\r\n          \"alt\": \"\",\r\n          \"caption\": \"<p class=\\\"_H2\\\"><a class=\\\"tag-small slideshow\\\" rel=\\\"noopener\\\" href=\\\"https:\/\/www.instagram.com\/p\/CMPcfn4IGuX\/?img_index=1\\\" target=\\\"_blank\\\">Honig aus Tiengen<\/a><\/p>\"\r\n        },\r\n        {\r\n          \"type\": \"img\",\r\n          \"attid\": 2680,\r\n          \"cont\": \"\/wp-content\/uploads\/2024\/01\/Gasthof_zum_Goldenen_Loewen-2023-WEBERRUSS.Studio.jpg\",\r\n          \"sizes\": {\r\n            \"full\": \"\/wp-content\/uploads\/2024\/01\/Gasthof_zum_Goldenen_Loewen-2023-WEBERRUSS.Studio.jpg\",\r\n            \"_3200\": \"\/wp-content\/uploads\/2024\/01\/Gasthof_zum_Goldenen_Loewen-2023-WEBERRUSS.Studio-3200x2133.jpg\",\r\n            \"_2560\": \"\/wp-content\/uploads\/2024\/01\/Gasthof_zum_Goldenen_Loewen-2023-WEBERRUSS.Studio-2560x1706.jpg\",\r\n            \"_1920\": \"\/wp-content\/uploads\/2024\/01\/Gasthof_zum_Goldenen_Loewen-2023-WEBERRUSS.Studio-1920x1280.jpg\",\r\n            \"_1280\": \"\/wp-content\/uploads\/2024\/01\/Gasthof_zum_Goldenen_Loewen-2023-WEBERRUSS.Studio-1280x853.jpg\",\r\n            \"_1024\": \"\/wp-content\/uploads\/2024\/01\/Gasthof_zum_Goldenen_Loewen-2023-WEBERRUSS.Studio-1024x683.jpg\",\r\n            \"_768\": \"\/wp-content\/uploads\/2024\/01\/Gasthof_zum_Goldenen_Loewen-2023-WEBERRUSS.Studio-768x512.jpg\",\r\n            \"_512\": \"\/wp-content\/uploads\/2024\/01\/Gasthof_zum_Goldenen_Loewen-2023-WEBERRUSS.Studio-512x341.jpg\",\r\n            \"_265\": \"\/wp-content\/uploads\/2024\/01\/Gasthof_zum_Goldenen_Loewen-2023-WEBERRUSS.Studio-265x177.jpg\"\r\n          },\r\n          \"w\": 3500,\r\n          \"h\": 2333,\r\n          \"ar\": 0.6665714285714286,\r\n          \"alt\": \"\",\r\n          \"caption\": \"<p class=\\\"_H2\\\"><a class=\\\"tag-small slideshow\\\" rel=\\\"noopener\\\" href=\\\"https:\/\/loewe-sulzfeld.de\\\" target=\\\"_blank\\\">Gasthaus zum Goldenen L\u00f6wen<\/a><\/p>\"\r\n        },\r\n        {\r\n          \"type\": \"img\",\r\n          \"attid\": 2823,\r\n          \"cont\": \"\/wp-content\/uploads\/2024\/03\/2011_abendbrot_slider-e1709560001243.jpg\",\r\n          \"sizes\": {\r\n            \"full\": \"\/wp-content\/uploads\/2024\/03\/2011_abendbrot_slider-e1709560001243.jpg\",\r\n            \"_4096\": \"\/wp-content\/uploads\/2024\/03\/2011_abendbrot_slider-4096x2721.jpg\",\r\n            \"_3840\": \"\/wp-content\/uploads\/2024\/03\/2011_abendbrot_slider-3840x2551.jpg\",\r\n            \"_3200\": \"\/wp-content\/uploads\/2024\/03\/2011_abendbrot_slider-3200x2126.jpg\",\r\n            \"_2560\": \"\/wp-content\/uploads\/2024\/03\/2011_abendbrot_slider-2560x1701.jpg\",\r\n            \"_1920\": \"\/wp-content\/uploads\/2024\/03\/2011_abendbrot_slider-1920x1275.jpg\",\r\n            \"_1280\": \"\/wp-content\/uploads\/2024\/03\/2011_abendbrot_slider-1280x850.jpg\",\r\n            \"_1024\": \"\/wp-content\/uploads\/2024\/03\/2011_abendbrot_slider-1024x680.jpg\",\r\n            \"_768\": \"\/wp-content\/uploads\/2024\/03\/2011_abendbrot_slider-768x510.jpg\",\r\n            \"_512\": \"\/wp-content\/uploads\/2024\/03\/2011_abendbrot_slider-512x340.jpg\",\r\n            \"_265\": \"\/wp-content\/uploads\/2024\/03\/2011_abendbrot_slider-265x176.jpg\"\r\n          },\r\n          \"w\": 3500,\r\n          \"h\": 2325,\r\n          \"ar\": 0.6642857142857143,\r\n          \"alt\": \"\",\r\n          \"caption\": \"<p class=\\\"_H2\\\"><a class=\\\"tag-small slideshow\\\" rel=\\\"noopener\\\" href=\\\"https:\/\/weberruss.com\/de\/entwicklung-einer-visuellen-identitaet-fuer-einen-selbstinitiierten-vortragsabend-abendbrot\/\\\" target=\\\"_blank\\\">Abendbrot<\/a><\/p>\"\r\n        },\r\n        {\r\n          \"type\": \"img\",\r\n          \"attid\": 2402,\r\n          \"cont\": \"\/wp-content\/uploads\/2023\/06\/Nitrado-Teaser.jpg\",\r\n          \"sizes\": {\r\n            \"full\": \"\/wp-content\/uploads\/2023\/06\/Nitrado-Teaser.jpg\",\r\n            \"_3200\": \"\/wp-content\/uploads\/2023\/06\/Nitrado-Teaser-3200x2133.jpg\",\r\n            \"_2560\": \"\/wp-content\/uploads\/2023\/06\/Nitrado-Teaser-2560x1706.jpg\",\r\n            \"_1920\": \"\/wp-content\/uploads\/2023\/06\/Nitrado-Teaser-1920x1280.jpg\",\r\n            \"_1280\": \"\/wp-content\/uploads\/2023\/06\/Nitrado-Teaser-1280x853.jpg\",\r\n            \"_1024\": \"\/wp-content\/uploads\/2023\/06\/Nitrado-Teaser-1024x683.jpg\",\r\n            \"_768\": \"\/wp-content\/uploads\/2023\/06\/Nitrado-Teaser-768x512.jpg\",\r\n            \"_512\": \"\/wp-content\/uploads\/2023\/06\/Nitrado-Teaser-512x341.jpg\",\r\n            \"_265\": \"\/wp-content\/uploads\/2023\/06\/Nitrado-Teaser-265x177.jpg\"\r\n          },\r\n          \"w\": 3500,\r\n          \"h\": 2333,\r\n          \"ar\": 0.6665714285714286,\r\n          \"alt\": \"\",\r\n          \"caption\": \"<p class=\\\"_H2\\\"><a class=\\\"tag-small slideshow\\\" rel=\\\"noopener\\\" href=\\\"https:\/\/demo.weberruss.com\/#\/kjfj6d2i\\\" target=\\\"_blank\\\">Nitrado<\/a><\/p>\"\r\n        },\r\n        {\r\n          \"type\": \"img\",\r\n          \"attid\": 830,\r\n          \"cont\": \"\/wp-content\/uploads\/2018\/12\/BMG_Labtech_01_Hero.jpg\",\r\n          \"sizes\": {\r\n            \"full\": \"\/wp-content\/uploads\/2018\/12\/BMG_Labtech_01_Hero.jpg\",\r\n            \"_2560\": \"\/wp-content\/uploads\/2018\/12\/BMG_Labtech_01_Hero-2560x1438.jpg\",\r\n            \"_1920\": \"\/wp-content\/uploads\/2018\/12\/BMG_Labtech_01_Hero-1920x1079.jpg\",\r\n            \"_1280\": \"\/wp-content\/uploads\/2018\/12\/BMG_Labtech_01_Hero-1280x719.jpg\",\r\n            \"_1024\": \"\/wp-content\/uploads\/2018\/12\/BMG_Labtech_01_Hero-1024x575.jpg\",\r\n            \"_768\": \"\/wp-content\/uploads\/2018\/12\/BMG_Labtech_01_Hero-768x431.jpg\",\r\n            \"_512\": \"\/wp-content\/uploads\/2018\/12\/BMG_Labtech_01_Hero-512x288.jpg\",\r\n            \"_265\": \"\/wp-content\/uploads\/2018\/12\/BMG_Labtech_01_Hero-265x149.jpg\"\r\n          },\r\n          \"w\": 2880,\r\n          \"h\": 1618,\r\n          \"ar\": 0.5618055555555556,\r\n          \"alt\": \"\",\r\n          \"caption\": \"<p class=\\\"_H2\\\"><a class=\\\"tag-small slideshow\\\" rel=\\\"noopener\\\" href=\\\"https:\/\/weberruss.com\/de\/responsive-website-fuer-den-laborgeraetehersteller-bmg-labtech\/\\\" target=\\\"_blank\\\">BMG-Labtech<\/a><\/p>\"\r\n        },\r\n        {\r\n          \"type\": \"img\",\r\n          \"attid\": 2567,\r\n          \"cont\": \"\/wp-content\/uploads\/2024\/01\/MEM-Mein-Engangement-in-Mainz-Teaser.jpg\",\r\n          \"sizes\": {\r\n            \"full\": \"\/wp-content\/uploads\/2024\/01\/MEM-Mein-Engangement-in-Mainz-Teaser.jpg\",\r\n            \"_3200\": \"\/wp-content\/uploads\/2024\/01\/MEM-Mein-Engangement-in-Mainz-Teaser-3200x2000.jpg\",\r\n            \"_2560\": \"\/wp-content\/uploads\/2024\/01\/MEM-Mein-Engangement-in-Mainz-Teaser-2560x1600.jpg\",\r\n            \"_1920\": \"\/wp-content\/uploads\/2024\/01\/MEM-Mein-Engangement-in-Mainz-Teaser-1920x1200.jpg\",\r\n            \"_1280\": \"\/wp-content\/uploads\/2024\/01\/MEM-Mein-Engangement-in-Mainz-Teaser-1280x800.jpg\",\r\n            \"_1024\": \"\/wp-content\/uploads\/2024\/01\/MEM-Mein-Engangement-in-Mainz-Teaser-1024x640.jpg\",\r\n            \"_768\": \"\/wp-content\/uploads\/2024\/01\/MEM-Mein-Engangement-in-Mainz-Teaser-768x480.jpg\",\r\n            \"_512\": \"\/wp-content\/uploads\/2024\/01\/MEM-Mein-Engangement-in-Mainz-Teaser-512x320.jpg\",\r\n            \"_265\": \"\/wp-content\/uploads\/2024\/01\/MEM-Mein-Engangement-in-Mainz-Teaser-265x166.jpg\"\r\n          },\r\n          \"w\": 3500,\r\n          \"h\": 2187,\r\n          \"ar\": 0.6248571428571429,\r\n          \"alt\": \"\",\r\n          \"caption\": \"<p class=\\\"_H2\\\"><a class=\\\"tag-small slideshow\\\" rel=\\\"noopener\\\" href=\\\"https:\/\/ehrenamtsbuero-mainz.de\\\" target=\\\"_blank\\\">Mein Engagement in Mainz<\/a><\/p>\"\r\n        },\r\n        {\r\n          \"type\": \"img\",\r\n          \"attid\": 2434,\r\n          \"cont\": \"\/wp-content\/uploads\/2023\/11\/Das-Buendnis-WEBERRUSS.Studio.jpg\",\r\n          \"sizes\": {\r\n            \"full\": \"\/wp-content\/uploads\/2023\/11\/Das-Buendnis-WEBERRUSS.Studio.jpg\",\r\n            \"_3200\": \"\/wp-content\/uploads\/2023\/11\/Das-Buendnis-WEBERRUSS.Studio-3200x2135.jpg\",\r\n            \"_2560\": \"\/wp-content\/uploads\/2023\/11\/Das-Buendnis-WEBERRUSS.Studio-2560x1708.jpg\",\r\n            \"_1920\": \"\/wp-content\/uploads\/2023\/11\/Das-Buendnis-WEBERRUSS.Studio-1920x1281.jpg\",\r\n            \"_1280\": \"\/wp-content\/uploads\/2023\/11\/Das-Buendnis-WEBERRUSS.Studio-1280x854.jpg\",\r\n            \"_1024\": \"\/wp-content\/uploads\/2023\/11\/Das-Buendnis-WEBERRUSS.Studio-1024x683.jpg\",\r\n            \"_768\": \"\/wp-content\/uploads\/2023\/11\/Das-Buendnis-WEBERRUSS.Studio-768x512.jpg\",\r\n            \"_512\": \"\/wp-content\/uploads\/2023\/11\/Das-Buendnis-WEBERRUSS.Studio-512x342.jpg\",\r\n            \"_265\": \"\/wp-content\/uploads\/2023\/11\/Das-Buendnis-WEBERRUSS.Studio-265x177.jpg\"\r\n          },\r\n          \"w\": 3500,\r\n          \"h\": 2335,\r\n          \"ar\": 0.6671428571428571,\r\n          \"alt\": \"\",\r\n          \"caption\": \"<p class=\\\"_H2\\\"><a class=\\\"tag-small slideshow\\\" rel=\\\"noopener\\\" href=\\\"https:\/\/das-b\u00fcndnis.org\\\" target=\\\"_blank\\\">Das B\u00fcndnis<\/a><\/p>\"\r\n        },\r\n        {\r\n          \"type\": \"img\",\r\n          \"attid\": 2678,\r\n          \"cont\": \"\/wp-content\/uploads\/2024\/01\/Atelier-Waescherei-WEBERRUSS.Studio-Teaser.jpg\",\r\n          \"sizes\": {\r\n            \"full\": \"\/wp-content\/uploads\/2024\/01\/Atelier-Waescherei-WEBERRUSS.Studio-Teaser.jpg\",\r\n            \"_3200\": \"\/wp-content\/uploads\/2024\/01\/Atelier-Waescherei-WEBERRUSS.Studio-Teaser-3200x2133.jpg\",\r\n            \"_2560\": \"\/wp-content\/uploads\/2024\/01\/Atelier-Waescherei-WEBERRUSS.Studio-Teaser-2560x1706.jpg\",\r\n            \"_1920\": \"\/wp-content\/uploads\/2024\/01\/Atelier-Waescherei-WEBERRUSS.Studio-Teaser-1920x1280.jpg\",\r\n            \"_1280\": \"\/wp-content\/uploads\/2024\/01\/Atelier-Waescherei-WEBERRUSS.Studio-Teaser-1280x853.jpg\",\r\n            \"_1024\": \"\/wp-content\/uploads\/2024\/01\/Atelier-Waescherei-WEBERRUSS.Studio-Teaser-1024x683.jpg\",\r\n            \"_768\": \"\/wp-content\/uploads\/2024\/01\/Atelier-Waescherei-WEBERRUSS.Studio-Teaser-768x512.jpg\",\r\n            \"_512\": \"\/wp-content\/uploads\/2024\/01\/Atelier-Waescherei-WEBERRUSS.Studio-Teaser-512x341.jpg\",\r\n            \"_265\": \"\/wp-content\/uploads\/2024\/01\/Atelier-Waescherei-WEBERRUSS.Studio-Teaser-265x177.jpg\"\r\n          },\r\n          \"w\": 3500,\r\n          \"h\": 2333,\r\n          \"ar\": 0.6665714285714286,\r\n          \"alt\": \"\",\r\n          \"caption\": \"<p class=\\\"_H2\\\"><a class=\\\"tag-small slideshow\\\" rel=\\\"noopener\\\" href=\\\"https:\/\/waescherei.studio\\\" target=\\\"_blank\\\">Atelier W\u00e4scherei<\/a><\/p>\"\r\n        },\r\n        {\r\n          \"type\": \"img\",\r\n          \"attid\": 2825,\r\n          \"cont\": \"\/wp-content\/uploads\/2024\/03\/2012_stoerfaelle_in_de_akw_slider-e1709559987526.jpg\",\r\n          \"sizes\": {\r\n            \"full\": \"\/wp-content\/uploads\/2024\/03\/2012_stoerfaelle_in_de_akw_slider-e1709559987526.jpg\",\r\n            \"_4096\": \"\/wp-content\/uploads\/2024\/03\/2012_stoerfaelle_in_de_akw_slider-4096x2730.jpg\",\r\n            \"_3840\": \"\/wp-content\/uploads\/2024\/03\/2012_stoerfaelle_in_de_akw_slider-3840x2559.jpg\",\r\n            \"_3200\": \"\/wp-content\/uploads\/2024\/03\/2012_stoerfaelle_in_de_akw_slider-3200x2133.jpg\",\r\n            \"_1920\": \"\/wp-content\/uploads\/2024\/03\/2012_stoerfaelle_in_de_akw_slider-1920x1280.jpg\",\r\n            \"_1280\": \"\/wp-content\/uploads\/2024\/03\/2012_stoerfaelle_in_de_akw_slider-1280x853.jpg\",\r\n            \"_1024\": \"\/wp-content\/uploads\/2024\/03\/2012_stoerfaelle_in_de_akw_slider-1024x682.jpg\",\r\n            \"_768\": \"\/wp-content\/uploads\/2024\/03\/2012_stoerfaelle_in_de_akw_slider-768x512.jpg\",\r\n            \"_512\": \"\/wp-content\/uploads\/2024\/03\/2012_stoerfaelle_in_de_akw_slider-512x341.jpg\",\r\n            \"_265\": \"\/wp-content\/uploads\/2024\/03\/2012_stoerfaelle_in_de_akw_slider-265x177.jpg\"\r\n          },\r\n          \"w\": 3500,\r\n          \"h\": 2332,\r\n          \"ar\": 0.6662857142857143,\r\n          \"alt\": \"\",\r\n          \"caption\": \"<p class=\\\"_H2\\\"><a class=\\\"tag-small slideshow\\\" rel=\\\"noopener\\\" href=\\\"https:\/\/weberruss.com\/de\/eine-mini-publikation-ueber-stoerfaelle-in-deutschen-atomkraftwerken\/\\\" target=\\\"_blank\\\">St\u00f6rf\u00e4lle in deutschen Atomkraftwerken<\/a><\/p>\"\r\n        },\r\n        {\r\n          \"type\": \"img\",\r\n          \"attid\": 1800,\r\n          \"cont\": \"\/wp-content\/uploads\/2020\/04\/2014_claus_8.jpg\",\r\n          \"sizes\": {\r\n            \"full\": \"\/wp-content\/uploads\/2020\/04\/2014_claus_8.jpg\",\r\n            \"_3200\": \"\/wp-content\/uploads\/2020\/04\/2014_claus_8-3200x2000.jpg\",\r\n            \"_2560\": \"\/wp-content\/uploads\/2020\/04\/2014_claus_8-2560x1600.jpg\",\r\n            \"_1920\": \"\/wp-content\/uploads\/2020\/04\/2014_claus_8-1920x1200.jpg\",\r\n            \"_1280\": \"\/wp-content\/uploads\/2020\/04\/2014_claus_8-1280x800.jpg\",\r\n            \"_1024\": \"\/wp-content\/uploads\/2020\/04\/2014_claus_8-1024x640.jpg\",\r\n            \"_768\": \"\/wp-content\/uploads\/2020\/04\/2014_claus_8-768x480.jpg\",\r\n            \"_512\": \"\/wp-content\/uploads\/2020\/04\/2014_claus_8-512x320.jpg\",\r\n            \"_265\": \"\/wp-content\/uploads\/2020\/04\/2014_claus_8-265x166.jpg\"\r\n          },\r\n          \"w\": 3840,\r\n          \"h\": 2400,\r\n          \"ar\": 0.625,\r\n          \"alt\": \"\",\r\n          \"caption\": \"<p class=\\\"_H2\\\"><a class=\\\"tag-small slideshow\\\" rel=\\\"noopener\\\" href=\\\"https:\/\/weberruss.com\/de\/claus-die-link-archivierungs-und-tauschmaschine\/\\\" target=\\\"_blank\\\">CLAUS<\/a><\/p>\"\r\n        },\r\n        {\r\n          \"type\": \"img\",\r\n          \"attid\": 2837,\r\n          \"cont\": \"\/wp-content\/uploads\/2024\/03\/ffmz_jutebeutel-slider-1.jpg\",\r\n          \"sizes\": {\r\n            \"full\": \"\/wp-content\/uploads\/2024\/03\/ffmz_jutebeutel-slider-1.jpg\",\r\n            \"_3200\": \"\/wp-content\/uploads\/2024\/03\/ffmz_jutebeutel-slider-1-3200x2142.jpg\",\r\n            \"_2560\": \"\/wp-content\/uploads\/2024\/03\/ffmz_jutebeutel-slider-1-2560x1714.jpg\",\r\n            \"_1920\": \"\/wp-content\/uploads\/2024\/03\/ffmz_jutebeutel-slider-1-1920x1285.jpg\",\r\n            \"_1280\": \"\/wp-content\/uploads\/2024\/03\/ffmz_jutebeutel-slider-1-1280x857.jpg\",\r\n            \"_1024\": \"\/wp-content\/uploads\/2024\/03\/ffmz_jutebeutel-slider-1-1024x685.jpg\",\r\n            \"_768\": \"\/wp-content\/uploads\/2024\/03\/ffmz_jutebeutel-slider-1-768x514.jpg\",\r\n            \"_512\": \"\/wp-content\/uploads\/2024\/03\/ffmz_jutebeutel-slider-1-512x343.jpg\",\r\n            \"_265\": \"\/wp-content\/uploads\/2024\/03\/ffmz_jutebeutel-slider-1-265x177.jpg\"\r\n          },\r\n          \"w\": 3500,\r\n          \"h\": 2343,\r\n          \"ar\": 0.6694285714285715,\r\n          \"alt\": \"\",\r\n          \"caption\": \"<p class=\\\"_H2\\\"><a class=\\\"tag-small slideshow\\\" rel=\\\"noopener\\\" href=\\\"https:\/\/weberruss.com\/de\/ein-erscheinungsbild-fuer-die-free-wifi-initative-freifunk-mainz\/\\\" target=\\\"_blank\\\">Freifunk Mainz<\/a><\/p>\"\r\n        }\r\n      ],\r\n      \"absolute_position\": false,\r\n      \"frameOverflow\": \"both\",\r\n      \"classes\": \"bottom-fix\",\r\n      \"dosync\": false\r\n    },\r\n    {\r\n      \"type\": \"hr\",\r\n      \"cont\": \"\",\r\n      \"align\": \"middle\",\r\n      \"row\": 1,\r\n      \"col\": 0,\r\n      \"colspan\": 1,\r\n      \"offsetx\": 0,\r\n      \"offsety\": 0,\r\n      \"spaceabove\": 0,\r\n      \"spacebelow\": 0,\r\n      \"yvel\": 1,\r\n      \"push\": 0,\r\n      \"relid\": 43,\r\n      \"absolute_position\": false,\r\n      \"frameOverflow\": \"both\"\r\n    },\r\n    {\r\n      \"type\": \"text\",\r\n      \"cont\": \"<h2 class=\\\"_Large\\\">Gestaltung erzeugt Resonanz \u2013 nicht durch Lautst\u00e4rke, sondern durch Haltung, Identit\u00e4t und Konsequenz.<\/h2>\",\r\n      \"align\": \"top\",\r\n      \"row\": 2,\r\n      \"col\": 0,\r\n      \"colspan\": 1,\r\n      \"offsetx\": 0,\r\n      \"offsety\": 0,\r\n      \"spaceabove\": 0,\r\n      \"spacebelow\": 0,\r\n      \"yvel\": 1,\r\n      \"push\": 0,\r\n      \"relid\": 37,\r\n      \"absolute_position\": true,\r\n      \"stickytop\": \"55\",\r\n      \"pxwidth\": null,\r\n      \"dosync\": false\r\n    },\r\n    {\r\n      \"type\": \"hr\",\r\n      \"cont\": \"\",\r\n      \"align\": \"middle\",\r\n      \"row\": 3,\r\n      \"col\": 0,\r\n      \"colspan\": 1,\r\n      \"offsetx\": 0,\r\n      \"offsety\": 0,\r\n      \"spaceabove\": 0,\r\n      \"spacebelow\": 0,\r\n      \"yvel\": 1,\r\n      \"push\": 0,\r\n      \"relid\": 3,\r\n      \"absolute_position\": false,\r\n      \"frameOverflow\": \"both\"\r\n    },\r\n    {\r\n      \"type\": \"text\",\r\n      \"cont\": \"<p class=\\\"_Default\\\">Neues<\/p>\",\r\n      \"align\": \"middle\",\r\n      \"row\": 4,\r\n      \"col\": 0,\r\n      \"colspan\": 1,\r\n      \"offsetx\": 0,\r\n      \"offsety\": 0,\r\n      \"spaceabove\": 0,\r\n      \"spacebelow\": 0,\r\n      \"yvel\": 1,\r\n      \"push\": 0,\r\n      \"relid\": 15,\r\n      \"absolute_position\": false,\r\n      \"frameOverflow\": \"\"\r\n    },\r\n    {\r\n      \"type\": \"stack\",\r\n      \"cont\": [\r\n        {\r\n          \"type\": \"img\",\r\n          \"cont\": \"\/wp-content\/uploads\/2024\/11\/AI_INDEX_WORKSHOP_WEBSITE_POST@2x.jpg\",\r\n          \"align\": \"middle\",\r\n          \"row\": -1,\r\n          \"col\": 0,\r\n          \"colspan\": 1,\r\n          \"offsetx\": 0,\r\n          \"offsety\": 0,\r\n          \"spaceabove\": 0,\r\n          \"spacebelow\": 0,\r\n          \"yvel\": 1,\r\n          \"push\": 0,\r\n          \"relid\": 8,\r\n          \"attid\": 3168,\r\n          \"sizes\": {\r\n            \"full\": \"\/wp-content\/uploads\/2024\/11\/AI_INDEX_WORKSHOP_WEBSITE_POST@2x.jpg\",\r\n            \"_1280\": \"\/wp-content\/uploads\/2024\/11\/AI_INDEX_WORKSHOP_WEBSITE_POST@2x-1280x853.jpg\",\r\n            \"_1024\": \"\/wp-content\/uploads\/2024\/11\/AI_INDEX_WORKSHOP_WEBSITE_POST@2x-1024x683.jpg\",\r\n            \"_768\": \"\/wp-content\/uploads\/2024\/11\/AI_INDEX_WORKSHOP_WEBSITE_POST@2x-768x512.jpg\",\r\n            \"_512\": \"\/wp-content\/uploads\/2024\/11\/AI_INDEX_WORKSHOP_WEBSITE_POST@2x-512x341.jpg\",\r\n            \"_265\": \"\/wp-content\/uploads\/2024\/11\/AI_INDEX_WORKSHOP_WEBSITE_POST@2x-265x177.jpg\"\r\n          },\r\n          \"w\": 1620,\r\n          \"h\": 1080,\r\n          \"ar\": 0.6666666666666666,\r\n          \"alt\": \"\",\r\n          \"classes\": \"card\",\r\n          \"absolute_position\": false\r\n        }\r\n      ],\r\n      \"align\": \"top\",\r\n      \"row\": 5,\r\n      \"col\": 0,\r\n      \"colspan\": 1,\r\n      \"offsetx\": 0,\r\n      \"offsety\": 0,\r\n      \"spaceabove\": 0,\r\n      \"spacebelow\": 0,\r\n      \"yvel\": 1,\r\n      \"push\": 0,\r\n      \"relid\": 28,\r\n      \"absolute_position\": false\r\n    },\r\n    {\r\n      \"type\": \"text\",\r\n      \"cont\": \"<p class=\\\"_Default\\\">Wie ver\u00e4ndert AI unsere visuelle Kultur? Im Workshop erkunden wir den Einsatz von Text-to-Image-Bildgeneratoren als kreative Werkzeuge. Gemeinsam entwickeln wir Artwork-Cover und experimentieren mit neuen \u00e4sthetischen Ans\u00e4tzen, w\u00e4hrend wir die Auswirkungen von AI auf die Zukunft des Grafikdesigns diskutieren.<\/p><p><a class=\\\"tag-small\\\" rel=\\\"noopener\\\" href=\\\"https:\/\/www.atelierfrankfurt.de\/portfolio_page\/aiindex\/\\\" target=\\\"_blank\\\">Zum Workshop<\/a><\/p>\",\r\n      \"align\": \"top\",\r\n      \"row\": 6,\r\n      \"col\": 0,\r\n      \"colspan\": 1,\r\n      \"offsetx\": 0,\r\n      \"offsety\": 0,\r\n      \"spaceabove\": 0,\r\n      \"spacebelow\": 0,\r\n      \"yvel\": 1,\r\n      \"push\": 0,\r\n      \"relid\": 9,\r\n      \"absolute_position\": false\r\n    },\r\n    {\r\n      \"type\": \"img\",\r\n      \"cont\": \"\/wp-content\/uploads\/2024\/02\/schau_kas_ten.png\",\r\n      \"align\": \"bottom\",\r\n      \"row\": 7,\r\n      \"col\": 0,\r\n      \"colspan\": 1,\r\n      \"offsetx\": 0,\r\n      \"offsety\": 0,\r\n      \"spaceabove\": 0,\r\n      \"spacebelow\": 0,\r\n      \"yvel\": 1,\r\n      \"push\": 0,\r\n      \"relid\": 535,\r\n      \"attid\": 2724,\r\n      \"sizes\": {\r\n        \"full\": \"\/wp-content\/uploads\/2024\/02\/schau_kas_ten.png\",\r\n        \"_1280\": \"\/wp-content\/uploads\/2024\/02\/schau_kas_ten-1280x853.png\",\r\n        \"_1024\": \"\/wp-content\/uploads\/2024\/02\/schau_kas_ten-1024x683.png\",\r\n        \"_768\": \"\/wp-content\/uploads\/2024\/02\/schau_kas_ten-768x512.png\",\r\n        \"_512\": \"\/wp-content\/uploads\/2024\/02\/schau_kas_ten-512x341.png\",\r\n        \"_265\": \"\/wp-content\/uploads\/2024\/02\/schau_kas_ten-265x177.png\"\r\n      },\r\n      \"w\": 1620,\r\n      \"h\": 1080,\r\n      \"ar\": 0.6666666666666666,\r\n      \"alt\": \"\",\r\n      \"classes\": \"card\",\r\n      \"absolute_position\": false\r\n    },\r\n    {\r\n      \"type\": \"text\",\r\n      \"cont\": \"<p class=\\\"_Default\\\">Die Ausstellung \u201eDigital Bright Age\u201c zeigt als Gegenentwurf zum \u201eDigital Dark Age\u201c Animationen aus verschiedenen Disziplinen. Zu sehen vom 23. Feb. bis zum 23.\u2009M\u00e4rz 2024 in Offenbach am Main.<\/p><p><a class=\\\"tag-small\\\" rel=\\\"noopener\\\" href=\\\"https:\/\/schau-kas-ten.de\\\" target=\\\"_blank\\\">SCHAU\u2014KAS\u2014TEN<\/a><\/p>\",\r\n      \"align\": \"bottom\",\r\n      \"row\": 8,\r\n      \"col\": 0,\r\n      \"colspan\": 1,\r\n      \"offsetx\": 0,\r\n      \"offsety\": 0,\r\n      \"spaceabove\": 0,\r\n      \"spacebelow\": 0,\r\n      \"yvel\": 1,\r\n      \"push\": 0,\r\n      \"relid\": 536,\r\n      \"absolute_position\": false\r\n    },\r\n    {\r\n      \"type\": \"img\",\r\n      \"cont\": \"\/wp-content\/uploads\/2020\/12\/20201210_arthur_loewen.jpg\",\r\n      \"align\": \"bottom\",\r\n      \"row\": 9,\r\n      \"col\": 0,\r\n      \"colspan\": 1,\r\n      \"offsetx\": 0,\r\n      \"offsety\": 0,\r\n      \"spaceabove\": 0,\r\n      \"spacebelow\": 0,\r\n      \"yvel\": 1,\r\n      \"push\": 0,\r\n      \"relid\": 554,\r\n      \"attid\": 2013,\r\n      \"sizes\": {\r\n        \"full\": \"\/wp-content\/uploads\/2020\/12\/20201210_arthur_loewen.jpg\",\r\n        \"_1280\": \"\/wp-content\/uploads\/2020\/12\/20201210_arthur_loewen-1280x853.jpg\",\r\n        \"_1024\": \"\/wp-content\/uploads\/2020\/12\/20201210_arthur_loewen-1024x683.jpg\",\r\n        \"_768\": \"\/wp-content\/uploads\/2020\/12\/20201210_arthur_loewen-768x512.jpg\",\r\n        \"_512\": \"\/wp-content\/uploads\/2020\/12\/20201210_arthur_loewen-512x341.jpg\",\r\n        \"_265\": \"\/wp-content\/uploads\/2020\/12\/20201210_arthur_loewen-265x177.jpg\"\r\n      },\r\n      \"w\": 1620,\r\n      \"h\": 1080,\r\n      \"ar\": 0.6666666666666666,\r\n      \"alt\": \"\",\r\n      \"classes\": \"card\",\r\n      \"absolute_position\": false\r\n    },\r\n    {\r\n      \"type\": \"text\",\r\n      \"cont\": \"<p class=\\\"p1\\\">Der Frankfurter K\u00fcnstler Arthur L\u00f6wen folgt einem imagin\u00e4ren Drehbuch und fordert sich selbst st\u00e4ndig heraus. Sebastian Heindorff portr\u00e4tierte ihn in seinem Atelier sowie der Ausstellung \u201eOrbit\u201c, die Arthur zusammen mit B<span class=\\\"s1\\\">\u00e9<\/span>la Feldberg kuratierte.<\/p><p><a class=\\\"tag-small\\\" rel=\\\"noopener\\\" href=\\\"https:\/\/kubaparis.com\/arthur-lowen-ein-portrait-von-sebastian-heindorff\/\\\" target=\\\"_blank\\\">KubaParis<\/a><\/p>\",\r\n      \"align\": \"bottom\",\r\n      \"row\": 10,\r\n      \"col\": 0,\r\n      \"colspan\": 1,\r\n      \"offsetx\": 0,\r\n      \"offsety\": 0,\r\n      \"spaceabove\": 0,\r\n      \"spacebelow\": 0,\r\n      \"yvel\": 1,\r\n      \"push\": 0,\r\n      \"relid\": 555,\r\n      \"absolute_position\": false\r\n    },\r\n    {\r\n      \"type\": \"img\",\r\n      \"cont\": \"\/wp-content\/uploads\/2020\/12\/20201128_me_and_mother-1.jpg\",\r\n      \"align\": \"bottom\",\r\n      \"row\": 11,\r\n      \"col\": 0,\r\n      \"colspan\": 1,\r\n      \"offsetx\": 0,\r\n      \"offsety\": 0,\r\n      \"spaceabove\": 0,\r\n      \"spacebelow\": 0,\r\n      \"yvel\": 1,\r\n      \"push\": 0,\r\n      \"relid\": 1088,\r\n      \"attid\": 2015,\r\n      \"sizes\": {\r\n        \"full\": \"\/wp-content\/uploads\/2020\/12\/20201128_me_and_mother-1.jpg\",\r\n        \"_1280\": \"\/wp-content\/uploads\/2020\/12\/20201128_me_and_mother-1-1280x853.jpg\",\r\n        \"_1024\": \"\/wp-content\/uploads\/2020\/12\/20201128_me_and_mother-1-1024x683.jpg\",\r\n        \"_768\": \"\/wp-content\/uploads\/2020\/12\/20201128_me_and_mother-1-768x512.jpg\",\r\n        \"_512\": \"\/wp-content\/uploads\/2020\/12\/20201128_me_and_mother-1-512x341.jpg\",\r\n        \"_265\": \"\/wp-content\/uploads\/2020\/12\/20201128_me_and_mother-1-265x177.jpg\"\r\n      },\r\n      \"w\": 1620,\r\n      \"h\": 1080,\r\n      \"ar\": 0.6666666666666666,\r\n      \"alt\": \"\",\r\n      \"classes\": \"card\",\r\n      \"absolute_position\": false\r\n    },\r\n    {\r\n      \"type\": \"text\",\r\n      \"cont\": \"<p class=\\\"p1\\\">Im Kurzfilm \u201eM(e)&amp;M(other)\u201c spricht die Frankfurter Choreographin und T\u00e4nzerin Raimonda Gudaviciute offen \u00fcber ihren pers\u00f6nlichen inneren Konflikt. Es erweist sich f\u00fcr sie stets als schwierig, sowohl engagierte und f\u00fcrsorgliche Mutter, als auch kreative, freischaffende K\u00fcnstlerin zu sein.<\/p><p><a class=\\\"tag-small\\\" rel=\\\"noopener\\\" href=\\\"http:\/\/www.berlin-tokyo.com\/memother\/\\\" target=\\\"_blank\\\">Berlin\u2014Tokyo<\/a><\/p>\",\r\n      \"align\": \"bottom\",\r\n      \"row\": 12,\r\n      \"col\": 0,\r\n      \"colspan\": 1,\r\n      \"offsetx\": 0,\r\n      \"offsety\": 0,\r\n      \"spaceabove\": 0,\r\n      \"spacebelow\": 0,\r\n      \"yvel\": 1,\r\n      \"push\": 0,\r\n      \"relid\": 1089,\r\n      \"absolute_position\": false\r\n    },\r\n    {\r\n      \"type\": \"img\",\r\n      \"cont\": \"\/wp-content\/uploads\/2020\/12\/20200920_appointment_japan.jpg\",\r\n      \"align\": \"bottom\",\r\n      \"row\": 13,\r\n      \"col\": 0,\r\n      \"colspan\": 1,\r\n      \"offsetx\": 0,\r\n      \"offsety\": 0,\r\n      \"spaceabove\": 0,\r\n      \"spacebelow\": 0,\r\n      \"yvel\": 1,\r\n      \"push\": 0,\r\n      \"relid\": 1462,\r\n      \"attid\": 2014,\r\n      \"sizes\": {\r\n        \"full\": \"\/wp-content\/uploads\/2020\/12\/20200920_appointment_japan.jpg\",\r\n        \"_1280\": \"\/wp-content\/uploads\/2020\/12\/20200920_appointment_japan-1280x853.jpg\",\r\n        \"_1024\": \"\/wp-content\/uploads\/2020\/12\/20200920_appointment_japan-1024x683.jpg\",\r\n        \"_768\": \"\/wp-content\/uploads\/2020\/12\/20200920_appointment_japan-768x512.jpg\",\r\n        \"_512\": \"\/wp-content\/uploads\/2020\/12\/20200920_appointment_japan-512x341.jpg\",\r\n        \"_265\": \"\/wp-content\/uploads\/2020\/12\/20200920_appointment_japan-265x177.jpg\"\r\n      },\r\n      \"w\": 1620,\r\n      \"h\": 1080,\r\n      \"ar\": 0.6666666666666666,\r\n      \"alt\": \"\",\r\n      \"classes\": \"card\",\r\n      \"absolute_position\": false\r\n    },\r\n    {\r\n      \"type\": \"text\",\r\n      \"cont\": \"<p class=\\\"p1\\\">Anfang 2020 reiste der Filmemacher Sebastian Heindorff nach Japan und produzierte drei K\u00fcnstlerportr\u00e4ts. Takuma Nakata aus Kyoto, Colliu Pero und Ayaka Fukano aus Tokio \u2014 drei unverwechselbare K\u00fcnstler, die jeweils einen ganz einzigartigen Ansatz verfolgen. Die entstandenen Kurzfilme<span class=\\\"Apple-converted-space\\\">\u00a0 \u201e<\/span>Appointment Japan\u201c k\u00f6nnen auf dem online Magazin sabukaru angesehen werden.<\/p><p><a class=\\\"tag-small\\\" rel=\\\"noopener\\\" href=\\\"https:\/\/sabukaru.online\/articles\/the-appointment-japan\\\" target=\\\"_blank\\\">sabukaru.online<\/a><\/p>\",\r\n      \"align\": \"bottom\",\r\n      \"row\": 14,\r\n      \"col\": 0,\r\n      \"colspan\": 1,\r\n      \"offsetx\": 0,\r\n      \"offsety\": 0,\r\n      \"spaceabove\": 0,\r\n      \"spacebelow\": 0,\r\n      \"yvel\": 1,\r\n      \"push\": 0,\r\n      \"relid\": 1463,\r\n      \"absolute_position\": false\r\n    },\r\n    {\r\n      \"type\": \"img\",\r\n      \"cont\": \"\/wp-content\/uploads\/2020\/03\/Ambient_Noise_1080x720.jpg\",\r\n      \"align\": \"bottom\",\r\n      \"row\": 15,\r\n      \"col\": 0,\r\n      \"colspan\": 1,\r\n      \"offsetx\": 0,\r\n      \"offsety\": 0,\r\n      \"spaceabove\": 0,\r\n      \"spacebelow\": 0,\r\n      \"yvel\": 1,\r\n      \"push\": 0,\r\n      \"relid\": 721,\r\n      \"attid\": 1323,\r\n      \"sizes\": {\r\n        \"full\": \"\/wp-content\/uploads\/2020\/03\/Ambient_Noise_1080x720.jpg\",\r\n        \"_1024\": \"\/wp-content\/uploads\/2020\/03\/Ambient_Noise_1080x720-1024x683.jpg\",\r\n        \"_768\": \"\/wp-content\/uploads\/2020\/03\/Ambient_Noise_1080x720-768x512.jpg\",\r\n        \"_512\": \"\/wp-content\/uploads\/2020\/03\/Ambient_Noise_1080x720-512x341.jpg\",\r\n        \"_265\": \"\/wp-content\/uploads\/2020\/03\/Ambient_Noise_1080x720-265x177.jpg\"\r\n      },\r\n      \"w\": 1080,\r\n      \"h\": 720,\r\n      \"ar\": 0.6666666666666666,\r\n      \"alt\": \"\",\r\n      \"classes\": \"card\",\r\n      \"absolute_position\": false\r\n    },\r\n    {\r\n      \"type\": \"text\",\r\n      \"cont\": \"<p class=\\\"_Default\\\">Ob im Gro\u00dfraumb\u00fcro, Co-Working Space, Caf\u00e9 oder im Home Office, manchmal f\u00e4llt es schwer sich zu konzentrieren. Das Telefon beim Tischnachbarn klingelt, ein privates Gespr\u00e4ch zwischen Kollegen oder die Baustelle nebenan ist wieder lauter als sonst und der fokussierte Augenblick ist dahin. Ambient Noise hilft dabei ungew\u00fcnschte Ger\u00e4usche zu maskieren indem sie mit gleichm\u00e4\u00dfigen \u00fcberdeckt werden. Also am besten direkt ausprobieren.<\/p><p><a class=\\\"tag-small\\\" rel=\\\"noopener\\\" href=\\\"https:\/\/ambientnoise.de\\\" target=\\\"_blank\\\">Ambient\u00a0Noise<\/a><\/p>\",\r\n      \"align\": \"bottom\",\r\n      \"row\": 16,\r\n      \"col\": 0,\r\n      \"colspan\": 1,\r\n      \"offsetx\": 0,\r\n      \"offsety\": 0,\r\n      \"spaceabove\": 0,\r\n      \"spacebelow\": 0,\r\n      \"yvel\": 1,\r\n      \"push\": 0,\r\n      \"relid\": 250,\r\n      \"absolute_position\": false\r\n    },\r\n    {\r\n      \"type\": \"text\",\r\n      \"cont\": \"<h2 class=\\\"_Large\\\">Studio f\u00fcr Gestaltung, Strategie und Kommunikation<\/h2>\",\r\n      \"align\": \"bottom\",\r\n      \"row\": 17,\r\n      \"col\": 0,\r\n      \"colspan\": 1,\r\n      \"offsetx\": 0,\r\n      \"offsety\": 0,\r\n      \"spaceabove\": 0,\r\n      \"spacebelow\": 0,\r\n      \"yvel\": 1,\r\n      \"push\": 0,\r\n      \"relid\": 51,\r\n      \"absolute_position\": false,\r\n      \"frameOverflow\": \"\"\r\n    }\r\n  ]\r\n}","_links":{"self":[{"href":"https:\/\/weberruss.com\/de\/wp-json\/wp\/v2\/pages\/2524","targetHints":{"allow":["GET"]}}],"collection":[{"href":"https:\/\/weberruss.com\/de\/wp-json\/wp\/v2\/pages"}],"about":[{"href":"https:\/\/weberruss.com\/de\/wp-json\/wp\/v2\/types\/page"}],"author":[{"embeddable":true,"href":"https:\/\/weberruss.com\/de\/wp-json\/wp\/v2\/users\/1"}],"replies":[{"embeddable":true,"href":"https:\/\/weberruss.com\/de\/wp-json\/wp\/v2\/comments?post=2524"}],"version-history":[{"count":0,"href":"https:\/\/weberruss.com\/de\/wp-json\/wp\/v2\/pages\/2524\/revisions"}],"wp:attachment":[{"href":"https:\/\/weberruss.com\/de\/wp-json\/wp\/v2\/media?parent=2524"}],"curies":[{"name":"wp","href":"https:\/\/api.w.org\/{rel}","templated":true}]}}